{"id":64,"date":"2024-07-09T11:40:05","date_gmt":"2024-07-09T11:40:05","guid":{"rendered":"https:\/\/anhermed.es\/?page_id=64"},"modified":"2026-01-20T17:27:46","modified_gmt":"2026-01-20T16:27:46","slug":"tratamientos-faciales","status":"publish","type":"page","link":"https:\/\/anhermed.es\/cat\/tratamientos-faciales\/","title":{"rendered":"Tractaments facials"},"content":{"rendered":"<div data-elementor-type=\"wp-page\" data-elementor-id=\"64\" class=\"elementor elementor-64\" data-elementor-post-type=\"page\">\n\t\t\t\t<div class=\"elementor-element elementor-element-739ffe1 e-flex e-con-boxed e-con e-parent\" data-id=\"739ffe1\" data-element_type=\"container\" data-settings=\"{&quot;background_background&quot;:&quot;classic&quot;}\">\n\t\t\t\t\t<div class=\"e-con-inner\">\n\t\t\t\t<div class=\"elementor-element elementor-element-a1ad91d elementor-widget elementor-widget-heading\" data-id=\"a1ad91d\" data-element_type=\"widget\" data-widget_type=\"heading.default\">\n\t\t\t\t<div class=\"elementor-widget-container\">\n\t\t\t\t\t<h1 class=\"elementor-heading-title elementor-size-default\">Tractaments facials<\/h1>\t\t\t\t<\/div>\n\t\t\t\t<\/div>\n\t\t\t\t\t<\/div>\n\t\t\t\t<\/div>\n\t\t<div class=\"elementor-element elementor-element-6220154 e-flex e-con-boxed e-con e-parent\" data-id=\"6220154\" data-element_type=\"container\" data-settings=\"{&quot;background_background&quot;:&quot;classic&quot;}\">\n\t\t\t\t\t<div class=\"e-con-inner\">\n\t\t<div class=\"elementor-element elementor-element-0e8417e e-con-full e-flex e-con e-child\" data-id=\"0e8417e\" data-element_type=\"container\">\n\t\t<div class=\"elementor-element elementor-element-cc6bd91 e-con-full e-flex e-con e-child\" data-id=\"cc6bd91\" data-element_type=\"container\" data-settings=\"{&quot;background_background&quot;:&quot;classic&quot;}\">\n\t\t\t\t<div class=\"elementor-element elementor-element-2ab7f97 elementor-widget elementor-widget-heading\" data-id=\"2ab7f97\" data-element_type=\"widget\" data-widget_type=\"heading.default\">\n\t\t\t\t<div class=\"elementor-widget-container\">\n\t\t\t\t\t<h2 class=\"elementor-heading-title elementor-size-default\">Tractaments facials: la millor cura per al teu rostre a ANHERMED<\/h2>\t\t\t\t<\/div>\n\t\t\t\t<\/div>\n\t\t\t\t<div class=\"elementor-element elementor-element-44c092d elementor-invisible elementor-widget elementor-widget-text-editor\" data-id=\"44c092d\" data-element_type=\"widget\" data-settings=\"{&quot;_animation&quot;:&quot;fadeIn&quot;}\" data-widget_type=\"text-editor.default\">\n\t\t\t\t<div class=\"elementor-widget-container\">\n\t\t\t\t\t\t\t\t\tA ANHERMED, ens especialitzem en oferir tractaments facials personalitzats per satisfer les necessitats \u00faniques de cada persona, sense importar la seva edat o tipus de pell. Els nostres tractaments estan dissenyats tant per a homes com per a dones, reconeixent que cada pell t\u00e9 les seves pr\u00f2pies caracter\u00edstiques i requereix cures espec\u00edfiques. Utilitzem una combinaci\u00f3 de cosm\u00e8tica avan\u00e7ada i aparells de darrera generaci\u00f3 per garantir resultats \u00f2ptims.\t\t\t\t\t\t\t\t<\/div>\n\t\t\t\t<\/div>\n\t\t\t\t<\/div>\n\t\t\t\t<\/div>\n\t\t<div class=\"elementor-element elementor-element-de708f6 e-con-full e-flex e-con e-child\" data-id=\"de708f6\" data-element_type=\"container\">\n\t\t<div class=\"elementor-element elementor-element-6f25af0 e-con-full e-flex e-con e-child\" data-id=\"6f25af0\" data-element_type=\"container\">\n\t\t<div class=\"elementor-element elementor-element-1a8a16d e-con-full e-flex e-con e-child\" data-id=\"1a8a16d\" data-element_type=\"container\">\n\t\t\t\t<div class=\"elementor-element elementor-element-5661e0c elementor-invisible elementor-widget elementor-widget-image\" data-id=\"5661e0c\" data-element_type=\"widget\" data-settings=\"{&quot;_animation&quot;:&quot;fadeIn&quot;,&quot;_animation_delay&quot;:100}\" data-widget_type=\"image.default\">\n\t\t\t\t<div class=\"elementor-widget-container\">\n\t\t\t\t\t\t\t\t\t\t\t\t\t\t\t<img decoding=\"async\" src=\"https:\/\/anhermed.es\/wp-content\/uploads\/elementor\/thumbs\/2-r42j52cxnyajig2nzqojn9ujr1d2dvn8po0bkqvxxk.jpg\" title=\"2\" alt=\"2\" loading=\"lazy\" \/>\t\t\t\t\t\t\t\t\t\t\t\t\t\t\t<\/div>\n\t\t\t\t<\/div>\n\t\t\t\t<div class=\"elementor-element elementor-element-f3a5a28 elementor-invisible elementor-widget elementor-widget-image\" data-id=\"f3a5a28\" data-element_type=\"widget\" data-settings=\"{&quot;_animation&quot;:&quot;fadeIn&quot;,&quot;_animation_delay&quot;:200}\" data-widget_type=\"image.default\">\n\t\t\t\t<div class=\"elementor-widget-container\">\n\t\t\t\t\t\t\t\t\t\t\t\t\t\t\t<img decoding=\"async\" src=\"https:\/\/anhermed.es\/wp-content\/uploads\/elementor\/thumbs\/13-r42j4xnqps2yz7kx31ahqld80f3trm67u1r84g0ypk.jpg\" title=\"13\" alt=\"13\" loading=\"lazy\" \/>\t\t\t\t\t\t\t\t\t\t\t\t\t\t\t<\/div>\n\t\t\t\t<\/div>\n\t\t\t\t<\/div>\n\t\t<div class=\"elementor-element elementor-element-649ade2 e-con-full e-flex e-con e-child\" data-id=\"649ade2\" data-element_type=\"container\">\n\t\t\t\t<div class=\"elementor-element elementor-element-dbb4a61 elementor-invisible elementor-widget elementor-widget-image\" data-id=\"dbb4a61\" data-element_type=\"widget\" data-settings=\"{&quot;_animation&quot;:&quot;fadeIn&quot;,&quot;_animation_delay&quot;:150}\" data-widget_type=\"image.default\">\n\t\t\t\t<div class=\"elementor-widget-container\">\n\t\t\t\t\t\t\t\t\t\t\t\t\t\t\t<img decoding=\"async\" src=\"https:\/\/anhermed.es\/wp-content\/uploads\/elementor\/thumbs\/8-r42j4zjf3g5jmfi6s23qvkw576uk70doib272zy6d4.jpg\" title=\"8\" alt=\"8\" loading=\"lazy\" \/>\t\t\t\t\t\t\t\t\t\t\t\t\t\t\t<\/div>\n\t\t\t\t<\/div>\n\t\t\t\t<div class=\"elementor-element elementor-element-6427d85 elementor-invisible elementor-widget elementor-widget-image\" data-id=\"6427d85\" data-element_type=\"widget\" data-settings=\"{&quot;_animation&quot;:&quot;fadeIn&quot;,&quot;_animation_delay&quot;:250}\" data-widget_type=\"image.default\">\n\t\t\t\t<div class=\"elementor-widget-container\">\n\t\t\t\t\t\t\t\t\t\t\t\t\t\t\t<img decoding=\"async\" src=\"https:\/\/anhermed.es\/wp-content\/uploads\/elementor\/thumbs\/10-r42j4vs2c41j96c825u5ntiblc9hvzx4crfx7t5p54.jpg\" title=\"10\" alt=\"10\" loading=\"lazy\" \/>\t\t\t\t\t\t\t\t\t\t\t\t\t\t\t<\/div>\n\t\t\t\t<\/div>\n\t\t\t\t<\/div>\n\t\t\t\t<\/div>\n\t\t\t\t<\/div>\n\t\t\t\t\t<\/div>\n\t\t\t\t<\/div>\n\t\t<div class=\"elementor-element elementor-element-8bb31a6 e-flex e-con-boxed e-con e-parent\" data-id=\"8bb31a6\" data-element_type=\"container\" data-settings=\"{&quot;background_background&quot;:&quot;classic&quot;}\">\n\t\t\t\t\t<div class=\"e-con-inner\">\n\t\t<div class=\"elementor-element elementor-element-7c276ac e-con-full e-flex e-con e-child\" data-id=\"7c276ac\" data-element_type=\"container\" data-settings=\"{&quot;motion_fx_motion_fx_scrolling&quot;:&quot;yes&quot;,&quot;sticky&quot;:&quot;top&quot;,&quot;sticky_offset&quot;:170,&quot;sticky_parent&quot;:&quot;yes&quot;,&quot;sticky_on&quot;:[&quot;desktop&quot;],&quot;motion_fx_devices&quot;:[&quot;desktop&quot;,&quot;tablet&quot;,&quot;mobile&quot;],&quot;sticky_effects_offset&quot;:0}\">\n\t\t<div class=\"elementor-element elementor-element-688a15c e-con-full e-flex e-con e-child\" data-id=\"688a15c\" data-element_type=\"container\" data-settings=\"{&quot;background_background&quot;:&quot;classic&quot;}\">\n\t\t\t\t<div class=\"elementor-element elementor-element-9ddc0e3 elementor-widget elementor-widget-heading\" data-id=\"9ddc0e3\" data-element_type=\"widget\" data-widget_type=\"heading.default\">\n\t\t\t\t<div class=\"elementor-widget-container\">\n\t\t\t\t\t<h2 class=\"elementor-heading-title elementor-size-default\">Tractaments facials amb cosm\u00e8tica avan\u00e7ada<\/h2>\t\t\t\t<\/div>\n\t\t\t\t<\/div>\n\t\t\t\t<\/div>\n\t\t\t\t<div class=\"elementor-element elementor-element-f229c00 elementor-invisible elementor-widget elementor-widget-text-editor\" data-id=\"f229c00\" data-element_type=\"widget\" data-settings=\"{&quot;_animation&quot;:&quot;fadeIn&quot;}\" data-widget_type=\"text-editor.default\">\n\t\t\t\t<div class=\"elementor-widget-container\">\n\t\t\t\t\t\t\t\t\t<p>Abans de cada tractament, els nostres professionals realitzen una avaluaci\u00f3 completa de la pell\u00a0<span style=\"font-size: 0.944em; letter-spacing: 0px; text-align: var(--text-align); background-color: var( --e-global-color-d0f7ba1 );\">per determinar el procediment m\u00e9s adequat. Creiem que cada pell \u00e9s \u00fanica i mereix un\u00a0<\/span><span style=\"letter-spacing: 0px; text-align: var(--text-align); font-size: 0.944em; background-color: var( --e-global-color-d0f7ba1 );\">cura especial<\/span><\/p>\t\t\t\t\t\t\t\t<\/div>\n\t\t\t\t<\/div>\n\t\t\t\t<\/div>\n\t\t<div class=\"elementor-element elementor-element-6e22a01 e-con-full e-flex e-con e-child\" data-id=\"6e22a01\" data-element_type=\"container\">\n\t\t<div class=\"elementor-element elementor-element-5f45ba1 e-con-full e-flex e-con e-child\" data-id=\"5f45ba1\" data-element_type=\"container\" data-settings=\"{&quot;background_background&quot;:&quot;classic&quot;}\">\n\t\t\t\t<div class=\"elementor-element elementor-element-7437e10 elementor-widget elementor-widget-price-list\" data-id=\"7437e10\" data-element_type=\"widget\" data-widget_type=\"price-list.default\">\n\t\t\t\t<div class=\"elementor-widget-container\">\n\t\t\t\t\t\n\t\t<ul class=\"elementor-price-list\">\n\n\t\t\t\t\t\t\t\t\t<li class=\"elementor-price-list-item\">\t\t\t\t\n\t\t\t\t<div class=\"elementor-price-list-text\">\n\t\t\t\t\t\t\t\t\t<div class=\"elementor-price-list-header\">\n\t\t\t\t\t\t\t\t\t\t\t<span class=\"elementor-price-list-title\">\n\t\t\t\t\t\t\tNeteja, hidrataci\u00f3 i exfoliaci\u00f3\t\t\t\t\t\t<\/span>\n\t\t\t\t\t\t\t\t\t\t\t\t\t\t\t\t\t\t\t\t\t<\/div>\n\t\t\t\t\t\t\t\t\t\t\t\t\t\t\t<p class=\"elementor-price-list-description\">\n\t\t\t\t\t\t\tLa nostra neteja facial \u00e9s un dels tractaments m\u00e9s demanats per homes i dones. Combinem l&#039;\u00fas d&#039;aparells professionalst\u00e8tca, productes de cosm\u00e8tica i l&#039;expertise de les nostres professionals per aconseguir real\u00e7ar de forma duradora la lluminositat del rostre\t\t\t\t\t\t<\/p>\n\t\t\t\t\t\t\t\t<\/div>\n\t\t\t\t<\/li>\t\t\t\t\t\n\t\t<\/ul>\n\n\t\t\t\t\t\t<\/div>\n\t\t\t\t<\/div>\n\t\t\t\t<\/div>\n\t\t<div class=\"elementor-element elementor-element-58eb02c e-con-full e-flex e-con e-child\" data-id=\"58eb02c\" data-element_type=\"container\" data-settings=\"{&quot;background_background&quot;:&quot;classic&quot;}\">\n\t\t\t\t<div class=\"elementor-element elementor-element-6644018 elementor-widget elementor-widget-price-list\" data-id=\"6644018\" data-element_type=\"widget\" data-widget_type=\"price-list.default\">\n\t\t\t\t<div class=\"elementor-widget-container\">\n\t\t\t\t\t\n\t\t<ul class=\"elementor-price-list\">\n\n\t\t\t\t\t\t\t\t\t<li class=\"elementor-price-list-item\">\t\t\t\t\n\t\t\t\t<div class=\"elementor-price-list-text\">\n\t\t\t\t\t\t\t\t\t<div class=\"elementor-price-list-header\">\n\t\t\t\t\t\t\t\t\t\t\t<span class=\"elementor-price-list-title\">\n\t\t\t\t\t\t\tAntiarrugues\t\t\t\t\t\t<\/span>\n\t\t\t\t\t\t\t\t\t\t\t\t\t\t\t\t\t\t\t\t\t<\/div>\n\t\t\t\t\t\t\t\t\t\t\t\t\t\t\t<p class=\"elementor-price-list-description\">\n\t\t\t\t\t\t\tMitjan\u00e7ant la Llum Polsada Intensa (IPL) aconseguim resultats notables en l&#039;eliminaci\u00f3 d&#039;arrugues i el rejoveniment de la pell. Tamb\u00e9 fem servir protocols que combinen productes cosm\u00e8tics amb l&#039;\u00fas d&#039;aparells per radiofreq\u00fc\u00e8ncia multipolar i massatge endod\u00e8rmic.\t\t\t\t\t\t<\/p>\n\t\t\t\t\t\t\t\t<\/div>\n\t\t\t\t<\/li>\t\t\t\t\t\n\t\t<\/ul>\n\n\t\t\t\t\t\t<\/div>\n\t\t\t\t<\/div>\n\t\t\t\t<\/div>\n\t\t<div class=\"elementor-element elementor-element-7169a6f e-con-full e-flex e-con e-child\" data-id=\"7169a6f\" data-element_type=\"container\" data-settings=\"{&quot;background_background&quot;:&quot;classic&quot;}\">\n\t\t\t\t<div class=\"elementor-element elementor-element-90deb91 elementor-widget elementor-widget-price-list\" data-id=\"90deb91\" data-element_type=\"widget\" data-widget_type=\"price-list.default\">\n\t\t\t\t<div class=\"elementor-widget-container\">\n\t\t\t\t\t\n\t\t<ul class=\"elementor-price-list\">\n\n\t\t\t\t\t\t\t\t\t<li class=\"elementor-price-list-item\">\t\t\t\t\n\t\t\t\t<div class=\"elementor-price-list-text\">\n\t\t\t\t\t\t\t\t\t<div class=\"elementor-price-list-header\">\n\t\t\t\t\t\t\t\t\t\t\t<span class=\"elementor-price-list-title\">\n\t\t\t\t\t\t\tHomes\t\t\t\t\t\t<\/span>\n\t\t\t\t\t\t\t\t\t\t\t\t\t\t\t\t\t\t\t\t\t<\/div>\n\t\t\t\t\t\t\t\t\t\t\t\t\t\t\t<p class=\"elementor-price-list-description\">\n\t\t\t\t\t\t\tAvui dia ja existeix una demanda d&#039;est\u00e8tica masculina que inclou no nom\u00e9s la depilaci\u00f3 o les neteges facials. Al nostre centre abordem de forma espec\u00edfica la cura masculina tractant la flacciditat, les arrugues o els tractaments de reducci\u00f3 de volum mascul\u00ed\t\t\t\t\t\t<\/p>\n\t\t\t\t\t\t\t\t<\/div>\n\t\t\t\t<\/li>\t\t\t\t\t\n\t\t<\/ul>\n\n\t\t\t\t\t\t<\/div>\n\t\t\t\t<\/div>\n\t\t\t\t<\/div>\n\t\t<div class=\"elementor-element elementor-element-343daea e-con-full e-flex e-con e-child\" data-id=\"343daea\" data-element_type=\"container\" data-settings=\"{&quot;background_background&quot;:&quot;classic&quot;}\">\n\t\t\t\t<div class=\"elementor-element elementor-element-04c4712 elementor-widget elementor-widget-price-list\" data-id=\"04c4712\" data-element_type=\"widget\" data-widget_type=\"price-list.default\">\n\t\t\t\t<div class=\"elementor-widget-container\">\n\t\t\t\t\t\n\t\t<ul class=\"elementor-price-list\">\n\n\t\t\t\t\t\t\t\t\t<li class=\"elementor-price-list-item\">\t\t\t\t\n\t\t\t\t<div class=\"elementor-price-list-text\">\n\t\t\t\t\t\t\t\t\t<div class=\"elementor-price-list-header\">\n\t\t\t\t\t\t\t\t\t\t\t<span class=\"elementor-price-list-title\">\n\t\t\t\t\t\t\tAntitaques i vermellors\t\t\t\t\t\t<\/span>\n\t\t\t\t\t\t\t\t\t\t\t\t\t\t\t\t\t\t\t\t\t<\/div>\n\t\t\t\t\t\t\t\t\t\t\t\t\t\t\t<p class=\"elementor-price-list-description\">\n\t\t\t\t\t\t\tLes taques i vermellors a la pell s\u00f3n una hiperpigmentaci\u00f3 provocada per l&#039;exposici\u00f3 al sol, l&#039;edat o els desequilibris hormonals. El seu tractament amb Llum Polsada Intensa (IPL) i altres t\u00e8cniques com peelings qu\u00edmics per a taques profundes que ofereix r\u00e0pids i bons resultats.\t\t\t\t\t\t<\/p>\n\t\t\t\t\t\t\t\t<\/div>\n\t\t\t\t<\/li>\t\t\t\t\t\n\t\t<\/ul>\n\n\t\t\t\t\t\t<\/div>\n\t\t\t\t<\/div>\n\t\t\t\t<\/div>\n\t\t<div class=\"elementor-element elementor-element-324606b e-con-full e-flex e-con e-child\" data-id=\"324606b\" data-element_type=\"container\" data-settings=\"{&quot;background_background&quot;:&quot;classic&quot;}\">\n\t\t\t\t<div class=\"elementor-element elementor-element-e6ce037 elementor-widget elementor-widget-price-list\" data-id=\"e6ce037\" data-element_type=\"widget\" data-widget_type=\"price-list.default\">\n\t\t\t\t<div class=\"elementor-widget-container\">\n\t\t\t\t\t\n\t\t<ul class=\"elementor-price-list\">\n\n\t\t\t\t\t\t\t\t\t<li class=\"elementor-price-list-item\">\t\t\t\t\n\t\t\t\t<div class=\"elementor-price-list-text\">\n\t\t\t\t\t\t\t\t\t<div class=\"elementor-price-list-header\">\n\t\t\t\t\t\t\t\t\t\t\t<span class=\"elementor-price-list-title\">\n\t\t\t\t\t\t\tMicropigmentaci\u00f3\t\t\t\t\t\t<\/span>\n\t\t\t\t\t\t\t\t\t\t\t\t\t\t\t\t\t\t\t\t\t<\/div>\n\t\t\t\t\t\t\t\t\t\t\t\t\t\t\t<p class=\"elementor-price-list-description\">\n\t\t\t\t\t\t\tTamb\u00e9 conegut com a maquillatge semipermanent \u00e9s el resultat de l&#039;evoluci\u00f3 de les t\u00e8cniques de maquillatge i de pigmentaci\u00f3. Habitualment s&#039;utilitza per millorar l&#039;aparen\u00e7a de les celles, real\u00e7ar o corregir els llavis o per simular pigues o pigues. La micropigmentaci\u00f3 no nom\u00e9s persegueix la millora est\u00e8tica sin\u00f3 que tamb\u00e9 la fan servir les persones que busquen maquillatge que no interfereixi amb una pr\u00e0ctica esportiva (nataci\u00f3) o vulguin estalviar temps\t\t\t\t\t\t<\/p>\n\t\t\t\t\t\t\t\t<\/div>\n\t\t\t\t<\/li>\t\t\t\t\t\n\t\t<\/ul>\n\n\t\t\t\t\t\t<\/div>\n\t\t\t\t<\/div>\n\t\t\t\t<\/div>\n\t\t\t\t<\/div>\n\t\t\t\t\t<\/div>\n\t\t\t\t<\/div>\n\t\t<div class=\"elementor-element elementor-element-ece2861 e-flex e-con-boxed e-con e-parent\" data-id=\"ece2861\" data-element_type=\"container\" data-settings=\"{&quot;background_background&quot;:&quot;classic&quot;}\">\n\t\t\t\t\t<div class=\"e-con-inner\">\n\t\t\t\t<div class=\"elementor-element elementor-element-3d61b2a elementor-widget elementor-widget-heading\" data-id=\"3d61b2a\" data-element_type=\"widget\" data-widget_type=\"heading.default\">\n\t\t\t\t<div class=\"elementor-widget-container\">\n\t\t\t\t\t<h3 class=\"elementor-heading-title elementor-size-default\">Contacta amb nosaltres i reserva la teva cita aqu\u00ed<\/h3>\t\t\t\t<\/div>\n\t\t\t\t<\/div>\n\t\t\t\t<div class=\"elementor-element elementor-element-6a28397 elementor-align-center elementor-mobile-align-justify elementor-widget elementor-widget-button\" data-id=\"6a28397\" data-element_type=\"widget\" data-widget_type=\"button.default\">\n\t\t\t\t<div class=\"elementor-widget-container\">\n\t\t\t\t\t\t\t\t\t<div class=\"elementor-button-wrapper\">\n\t\t\t\t\t<a class=\"elementor-button elementor-button-link elementor-size-sm\" href=\"https:\/\/anhermed.es\/cat\/contacto\/\">\n\t\t\t\t\t\t<span class=\"elementor-button-content-wrapper\">\n\t\t\t\t\t\t\t\t\t<span class=\"elementor-button-text\">Reserva cita<\/span>\n\t\t\t\t\t<\/span>\n\t\t\t\t\t<\/a>\n\t\t\t\t<\/div>\n\t\t\t\t\t\t\t\t<\/div>\n\t\t\t\t<\/div>\n\t\t\t\t\t<\/div>\n\t\t\t\t<\/div>\n\t\t\t\t<\/div>","protected":false},"excerpt":{"rendered":"<p>Tractaments facials: la millor cura per a la teva cara a ANHERMED A ANHERMED, ens especialitzem en oferir tractaments facials personalitzats per satisfer les necessitats \u00faniques de cada persona, sense importar la seva edat o tipus de pell. Els nostres tractaments estan dissenyats tant per a homes com per a dones, reconeixent que cada pell t\u00e9 les seves pr\u00f2pies caracter\u00edstiques i requereix [\u2026]<\/p>","protected":false},"author":5,"featured_media":0,"parent":0,"menu_order":0,"comment_status":"closed","ping_status":"closed","template":"","meta":{"footnotes":""},"class_list":["post-64","page","type-page","status-publish","hentry"],"yoast_head":"<!-- This site is optimized with the Yoast SEO plugin v26.8 - https:\/\/yoast.com\/product\/yoast-seo-wordpress\/ -->\n<title>Tratamientos faciales - Anhermed<\/title>\n<meta name=\"description\" content=\"Tratamientos faciales en Anhermed para rejuvenecer, hidratar y cuidar tu piel con tecnolog\u00eda m\u00e9dica y atenci\u00f3n personalizada.\" \/>\n<meta name=\"robots\" content=\"index, follow, max-snippet:-1, max-image-preview:large, max-video-preview:-1\" \/>\n<link rel=\"canonical\" href=\"https:\/\/anhermed.es\/cat\/tratamientos-faciales\/\" \/>\n<meta property=\"og:locale\" content=\"ca_ES\" \/>\n<meta property=\"og:type\" content=\"article\" \/>\n<meta property=\"og:title\" content=\"Tratamientos faciales - Anhermed\" \/>\n<meta property=\"og:description\" content=\"Tratamientos faciales en Anhermed para rejuvenecer, hidratar y cuidar tu piel con tecnolog\u00eda m\u00e9dica y atenci\u00f3n personalizada.\" \/>\n<meta property=\"og:url\" content=\"https:\/\/anhermed.es\/cat\/tratamientos-faciales\/\" \/>\n<meta property=\"og:site_name\" content=\"Anhermed\" \/>\n<meta property=\"article:modified_time\" content=\"2026-01-20T16:27:46+00:00\" \/>\n<meta property=\"og:image\" content=\"https:\/\/anhermed.es\/wp-content\/uploads\/elementor\/thumbs\/2-qqvhsmo4m5zvknrygbfqu0fffu51zy13ktrtbyyjyg.jpg\" \/>\n<meta name=\"twitter:card\" content=\"summary_large_image\" \/>\n<meta name=\"twitter:label1\" content=\"Temps estimat de lectura\" \/>\n\t<meta name=\"twitter:data1\" content=\"3 minuts\" \/>\n<script type=\"application\/ld+json\" class=\"yoast-schema-graph\">{\"@context\":\"https:\/\/schema.org\",\"@graph\":[{\"@type\":\"WebPage\",\"@id\":\"https:\/\/anhermed.es\/tratamientos-faciales\/\",\"url\":\"https:\/\/anhermed.es\/tratamientos-faciales\/\",\"name\":\"Tratamientos faciales - Anhermed\",\"isPartOf\":{\"@id\":\"https:\/\/anhermed.es\/#website\"},\"primaryImageOfPage\":{\"@id\":\"https:\/\/anhermed.es\/tratamientos-faciales\/#primaryimage\"},\"image\":{\"@id\":\"https:\/\/anhermed.es\/tratamientos-faciales\/#primaryimage\"},\"thumbnailUrl\":\"https:\/\/anhermed.es\/wp-content\/uploads\/elementor\/thumbs\/2-qqvhsmo4m5zvknrygbfqu0fffu51zy13ktrtbyyjyg.jpg\",\"datePublished\":\"2024-07-09T11:40:05+00:00\",\"dateModified\":\"2026-01-20T16:27:46+00:00\",\"description\":\"Tratamientos faciales en Anhermed para rejuvenecer, hidratar y cuidar tu piel con tecnolog\u00eda m\u00e9dica y atenci\u00f3n personalizada.\",\"breadcrumb\":{\"@id\":\"https:\/\/anhermed.es\/tratamientos-faciales\/#breadcrumb\"},\"inLanguage\":\"ca\",\"potentialAction\":[{\"@type\":\"ReadAction\",\"target\":[\"https:\/\/anhermed.es\/tratamientos-faciales\/\"]}]},{\"@type\":\"ImageObject\",\"inLanguage\":\"ca\",\"@id\":\"https:\/\/anhermed.es\/tratamientos-faciales\/#primaryimage\",\"url\":\"https:\/\/anhermed.es\/wp-content\/uploads\/elementor\/thumbs\/2-qqvhsmo4m5zvknrygbfqu0fffu51zy13ktrtbyyjyg.jpg\",\"contentUrl\":\"https:\/\/anhermed.es\/wp-content\/uploads\/elementor\/thumbs\/2-qqvhsmo4m5zvknrygbfqu0fffu51zy13ktrtbyyjyg.jpg\"},{\"@type\":\"BreadcrumbList\",\"@id\":\"https:\/\/anhermed.es\/tratamientos-faciales\/#breadcrumb\",\"itemListElement\":[{\"@type\":\"ListItem\",\"position\":1,\"name\":\"Portada\",\"item\":\"https:\/\/anhermed.es\/\"},{\"@type\":\"ListItem\",\"position\":2,\"name\":\"Tratamientos faciales\"}]},{\"@type\":\"WebSite\",\"@id\":\"https:\/\/anhermed.es\/#website\",\"url\":\"https:\/\/anhermed.es\/\",\"name\":\"Anhermed\",\"description\":\"\",\"publisher\":{\"@id\":\"https:\/\/anhermed.es\/#organization\"},\"potentialAction\":[{\"@type\":\"SearchAction\",\"target\":{\"@type\":\"EntryPoint\",\"urlTemplate\":\"https:\/\/anhermed.es\/?s={search_term_string}\"},\"query-input\":{\"@type\":\"PropertyValueSpecification\",\"valueRequired\":true,\"valueName\":\"search_term_string\"}}],\"inLanguage\":\"ca\"},{\"@type\":\"Organization\",\"@id\":\"https:\/\/anhermed.es\/#organization\",\"name\":\"Anhermed\",\"url\":\"https:\/\/anhermed.es\/\",\"logo\":{\"@type\":\"ImageObject\",\"inLanguage\":\"ca\",\"@id\":\"https:\/\/anhermed.es\/#\/schema\/logo\/image\/\",\"url\":\"https:\/\/anhermed.es\/wp-content\/uploads\/2024\/07\/ANHERMED-1.svg\",\"contentUrl\":\"https:\/\/anhermed.es\/wp-content\/uploads\/2024\/07\/ANHERMED-1.svg\",\"width\":209,\"height\":215,\"caption\":\"Anhermed\"},\"image\":{\"@id\":\"https:\/\/anhermed.es\/#\/schema\/logo\/image\/\"}}]}<\/script>\n<!-- \/ Yoast SEO plugin. -->","yoast_head_json":{"title":"Tractaments facials - Anhermed","description":"Tratamientos faciales en Anhermed para rejuvenecer, hidratar y cuidar tu piel con tecnolog\u00eda m\u00e9dica y atenci\u00f3n personalizada.","robots":{"index":"index","follow":"follow","max-snippet":"max-snippet:-1","max-image-preview":"max-image-preview:large","max-video-preview":"max-video-preview:-1"},"canonical":"https:\/\/anhermed.es\/cat\/tratamientos-faciales\/","og_locale":"ca_ES","og_type":"article","og_title":"Tratamientos faciales - Anhermed","og_description":"Tratamientos faciales en Anhermed para rejuvenecer, hidratar y cuidar tu piel con tecnolog\u00eda m\u00e9dica y atenci\u00f3n personalizada.","og_url":"https:\/\/anhermed.es\/cat\/tratamientos-faciales\/","og_site_name":"Anhermed","article_modified_time":"2026-01-20T16:27:46+00:00","og_image":[{"url":"https:\/\/anhermed.es\/wp-content\/uploads\/elementor\/thumbs\/2-qqvhsmo4m5zvknrygbfqu0fffu51zy13ktrtbyyjyg.jpg","type":"","width":"","height":""}],"twitter_card":"summary_large_image","twitter_misc":{"Temps estimat de lectura":"3 minuts"},"schema":{"@context":"https:\/\/schema.org","@graph":[{"@type":"WebPage","@id":"https:\/\/anhermed.es\/tratamientos-faciales\/","url":"https:\/\/anhermed.es\/tratamientos-faciales\/","name":"Tractaments facials - Anhermed","isPartOf":{"@id":"https:\/\/anhermed.es\/#website"},"primaryImageOfPage":{"@id":"https:\/\/anhermed.es\/tratamientos-faciales\/#primaryimage"},"image":{"@id":"https:\/\/anhermed.es\/tratamientos-faciales\/#primaryimage"},"thumbnailUrl":"https:\/\/anhermed.es\/wp-content\/uploads\/elementor\/thumbs\/2-qqvhsmo4m5zvknrygbfqu0fffu51zy13ktrtbyyjyg.jpg","datePublished":"2024-07-09T11:40:05+00:00","dateModified":"2026-01-20T16:27:46+00:00","description":"Tratamientos faciales en Anhermed para rejuvenecer, hidratar y cuidar tu piel con tecnolog\u00eda m\u00e9dica y atenci\u00f3n personalizada.","breadcrumb":{"@id":"https:\/\/anhermed.es\/tratamientos-faciales\/#breadcrumb"},"inLanguage":"ca","potentialAction":[{"@type":"ReadAction","target":["https:\/\/anhermed.es\/tratamientos-faciales\/"]}]},{"@type":"ImageObject","inLanguage":"ca","@id":"https:\/\/anhermed.es\/tratamientos-faciales\/#primaryimage","url":"https:\/\/anhermed.es\/wp-content\/uploads\/elementor\/thumbs\/2-qqvhsmo4m5zvknrygbfqu0fffu51zy13ktrtbyyjyg.jpg","contentUrl":"https:\/\/anhermed.es\/wp-content\/uploads\/elementor\/thumbs\/2-qqvhsmo4m5zvknrygbfqu0fffu51zy13ktrtbyyjyg.jpg"},{"@type":"BreadcrumbList","@id":"https:\/\/anhermed.es\/tratamientos-faciales\/#breadcrumb","itemListElement":[{"@type":"ListItem","position":1,"name":"Portada","item":"https:\/\/anhermed.es\/"},{"@type":"ListItem","position":2,"name":"Tratamientos faciales"}]},{"@type":"WebSite","@id":"https:\/\/anhermed.es\/#website","url":"https:\/\/anhermed.es\/","name":"Anhermed","description":"","publisher":{"@id":"https:\/\/anhermed.es\/#organization"},"potentialAction":[{"@type":"SearchAction","target":{"@type":"EntryPoint","urlTemplate":"https:\/\/anhermed.es\/?s={search_term_string}"},"query-input":{"@type":"PropertyValueSpecification","valueRequired":true,"valueName":"search_term_string"}}],"inLanguage":"ca"},{"@type":"Organization","@id":"https:\/\/anhermed.es\/#organization","name":"Anhermed","url":"https:\/\/anhermed.es\/","logo":{"@type":"ImageObject","inLanguage":"ca","@id":"https:\/\/anhermed.es\/#\/schema\/logo\/image\/","url":"https:\/\/anhermed.es\/wp-content\/uploads\/2024\/07\/ANHERMED-1.svg","contentUrl":"https:\/\/anhermed.es\/wp-content\/uploads\/2024\/07\/ANHERMED-1.svg","width":209,"height":215,"caption":"Anhermed"},"image":{"@id":"https:\/\/anhermed.es\/#\/schema\/logo\/image\/"}}]}},"_links":{"self":[{"href":"https:\/\/anhermed.es\/cat\/wp-json\/wp\/v2\/pages\/64","targetHints":{"allow":["GET"]}}],"collection":[{"href":"https:\/\/anhermed.es\/cat\/wp-json\/wp\/v2\/pages"}],"about":[{"href":"https:\/\/anhermed.es\/cat\/wp-json\/wp\/v2\/types\/page"}],"author":[{"embeddable":true,"href":"https:\/\/anhermed.es\/cat\/wp-json\/wp\/v2\/users\/5"}],"replies":[{"embeddable":true,"href":"https:\/\/anhermed.es\/cat\/wp-json\/wp\/v2\/comments?post=64"}],"version-history":[{"count":218,"href":"https:\/\/anhermed.es\/cat\/wp-json\/wp\/v2\/pages\/64\/revisions"}],"predecessor-version":[{"id":1878,"href":"https:\/\/anhermed.es\/cat\/wp-json\/wp\/v2\/pages\/64\/revisions\/1878"}],"wp:attachment":[{"href":"https:\/\/anhermed.es\/cat\/wp-json\/wp\/v2\/media?parent=64"}],"curies":[{"name":"wp","href":"https:\/\/api.w.org\/{rel}","templated":true}]}}