{"id":1651,"date":"2024-09-04T10:04:14","date_gmt":"2024-09-04T08:04:14","guid":{"rendered":"https:\/\/anhermed.es\/?page_id=1651"},"modified":"2026-01-20T17:37:49","modified_gmt":"2026-01-20T16:37:49","slug":"productos-faciales","status":"publish","type":"page","link":"https:\/\/anhermed.es\/cat\/productos-faciales\/","title":{"rendered":"Productes facials"},"content":{"rendered":"<div data-elementor-type=\"wp-page\" data-elementor-id=\"1651\" class=\"elementor elementor-1651\" data-elementor-post-type=\"page\">\n\t\t\t\t<div class=\"elementor-element elementor-element-5f0df8c e-flex e-con-boxed e-con e-parent\" data-id=\"5f0df8c\" data-element_type=\"container\" data-settings=\"{&quot;background_background&quot;:&quot;classic&quot;}\">\n\t\t\t\t\t<div class=\"e-con-inner\">\n\t\t\t\t<div class=\"elementor-element elementor-element-ac8cff8 elementor-widget elementor-widget-heading\" data-id=\"ac8cff8\" data-element_type=\"widget\" data-widget_type=\"heading.default\">\n\t\t\t\t<div class=\"elementor-widget-container\">\n\t\t\t\t\t<h1 class=\"elementor-heading-title elementor-size-default\">Productes facials<\/h1>\t\t\t\t<\/div>\n\t\t\t\t<\/div>\n\t\t\t\t\t<\/div>\n\t\t\t\t<\/div>\n\t\t<div class=\"elementor-element elementor-element-2a15a63 e-flex e-con-boxed e-con e-parent\" data-id=\"2a15a63\" data-element_type=\"container\" data-settings=\"{&quot;background_background&quot;:&quot;classic&quot;}\">\n\t\t\t\t\t<div class=\"e-con-inner\">\n\t\t<div class=\"elementor-element elementor-element-8c8a2c4 e-con-full e-flex e-con e-child\" data-id=\"8c8a2c4\" data-element_type=\"container\" data-settings=\"{&quot;background_background&quot;:&quot;classic&quot;}\">\n\t\t\t\t<div class=\"elementor-element elementor-element-a6c271c elementor-widget elementor-widget-heading\" data-id=\"a6c271c\" data-element_type=\"widget\" data-widget_type=\"heading.default\">\n\t\t\t\t<div class=\"elementor-widget-container\">\n\t\t\t\t\t<h2 class=\"elementor-heading-title elementor-size-default\">Productes Facials: Nutrici\u00f3 i Bellesa per a la teva pell<\/h2>\t\t\t\t<\/div>\n\t\t\t\t<\/div>\n\t\t\t\t<div class=\"elementor-element elementor-element-fe12e7f elementor-invisible elementor-widget elementor-widget-text-editor\" data-id=\"fe12e7f\" data-element_type=\"widget\" data-settings=\"{&quot;_animation&quot;:&quot;fadeIn&quot;}\" data-widget_type=\"text-editor.default\">\n\t\t\t\t<div class=\"elementor-widget-container\">\n\t\t\t\t\t\t\t\t\t<p>A ANHERMED nom\u00e9s treballem amb primeres companyies i per aix\u00f2 la&nbsp;<span style=\"font-size: 0.944em; letter-spacing: 0px; background-color: var( --e-global-color-565a915 );\">cosm\u00e8tica per al nostre \u00fas i per a la venda als nostres clients l&#039;hem confiat a <\/span><b style=\"font-size: 0.944em; letter-spacing: 0px; background-color: var( --e-global-color-565a915 );\">MESOESTETIC\u00ae<\/b><\/p>\t\t\t\t\t\t\t\t<\/div>\n\t\t\t\t<\/div>\n\t\t\t\t<\/div>\n\t\t<div class=\"elementor-element elementor-element-6a96959 e-con-full e-flex e-con e-child\" data-id=\"6a96959\" data-element_type=\"container\">\n\t\t\t\t<div class=\"elementor-element elementor-element-2e38bb5 elementor-widget elementor-widget-image\" data-id=\"2e38bb5\" data-element_type=\"widget\" data-widget_type=\"image.default\">\n\t\t\t\t<div class=\"elementor-widget-container\">\n\t\t\t\t\t\t\t\t\t\t\t\t\t\t\t<img fetchpriority=\"high\" decoding=\"async\" width=\"650\" height=\"650\" src=\"https:\/\/anhermed.es\/wp-content\/uploads\/2024\/09\/skin-retin_0_3_primario_secundario.avif\" class=\"attachment-full size-full wp-image-1740\" alt=\"\" srcset=\"https:\/\/anhermed.es\/wp-content\/uploads\/2024\/09\/skin-retin_0_3_primario_secundario.avif 650w, https:\/\/anhermed.es\/wp-content\/uploads\/2024\/09\/skin-retin_0_3_primario_secundario-300x300.avif 300w, https:\/\/anhermed.es\/wp-content\/uploads\/2024\/09\/skin-retin_0_3_primario_secundario-150x150.avif 150w\" sizes=\"(max-width: 650px) 100vw, 650px\" \/>\t\t\t\t\t\t\t\t\t\t\t\t\t\t\t<\/div>\n\t\t\t\t<\/div>\n\t\t\t\t<div class=\"elementor-element elementor-element-c1e625f elementor-widget elementor-widget-image\" data-id=\"c1e625f\" data-element_type=\"widget\" data-widget_type=\"image.default\">\n\t\t\t\t<div class=\"elementor-widget-container\">\n\t\t\t\t\t\t\t\t\t\t\t\t\t\t\t<img decoding=\"async\" width=\"12\" height=\"12\" src=\"https:\/\/anhermed.es\/wp-content\/uploads\/2024\/09\/mesoprotech-melan-130_primario_textura_2.avif\" class=\"attachment-trp-custom-language-flag size-trp-custom-language-flag wp-image-1737\" alt=\"\" srcset=\"https:\/\/anhermed.es\/wp-content\/uploads\/2024\/09\/mesoprotech-melan-130_primario_textura_2.avif 650w, https:\/\/anhermed.es\/wp-content\/uploads\/2024\/09\/mesoprotech-melan-130_primario_textura_2-300x300.avif 300w, https:\/\/anhermed.es\/wp-content\/uploads\/2024\/09\/mesoprotech-melan-130_primario_textura_2-150x150.avif 150w\" sizes=\"(max-width: 12px) 100vw, 12px\" \/>\t\t\t\t\t\t\t\t\t\t\t\t\t\t\t<\/div>\n\t\t\t\t<\/div>\n\t\t\t\t<\/div>\n\t\t\t\t\t<\/div>\n\t\t\t\t<\/div>\n\t\t<div class=\"elementor-element elementor-element-58046b3 e-flex e-con-boxed e-con e-parent\" data-id=\"58046b3\" data-element_type=\"container\">\n\t\t\t\t\t<div class=\"e-con-inner\">\n\t\t<div class=\"elementor-element elementor-element-8d5adfa e-con-full e-flex e-con e-child\" data-id=\"8d5adfa\" data-element_type=\"container\" data-settings=\"{&quot;background_background&quot;:&quot;classic&quot;}\">\n\t\t\t\t<div class=\"elementor-element elementor-element-79edda0 elementor-widget elementor-widget-text-editor\" data-id=\"79edda0\" data-element_type=\"widget\" data-widget_type=\"text-editor.default\">\n\t\t\t\t<div class=\"elementor-widget-container\">\n\t\t\t\t\t\t\t\t\t<p>Des de la seva creaci\u00f3 el 1985 a mesoestetic\u00ae entenen la cura de la pell com una ci\u00e8ncia, basada en l&#039;evid\u00e8ncia cl\u00ednica, el rigor i l&#039;excel\u00b7l\u00e8ncia. els experts m\u00e9s exigents en la cura de la pell. A mesoestetic\u00ae s\u00f3n cient\u00edfics al servei de la bellesa i aquest \u00e9s l&#039;element que els fa \u00fanics. Avui s&#039;han convertit en una companyia referent mundial en el sector de l&#039;est\u00e8tica i la medicina est\u00e8tica, mantenint els mateixos valors que els han portat fins aqu\u00ed.<\/p>\t\t\t\t\t\t\t\t<\/div>\n\t\t\t\t<\/div>\n\t\t\t\t<\/div>\n\t\t<div class=\"elementor-element elementor-element-94ae128 e-con-full e-flex e-con e-child\" data-id=\"94ae128\" data-element_type=\"container\">\n\t\t\t\t<div class=\"elementor-element elementor-element-8f1bd58 elementor-widget elementor-widget-image\" data-id=\"8f1bd58\" data-element_type=\"widget\" data-widget_type=\"image.default\">\n\t\t\t\t<div class=\"elementor-widget-container\">\n\t\t\t\t\t\t\t\t\t\t\t\t\t\t\t<img decoding=\"async\" width=\"650\" height=\"650\" src=\"https:\/\/anhermed.es\/wp-content\/uploads\/2024\/09\/t-mhya0022-hyaluronic-primario-secundario.jpg\" class=\"attachment-full size-full wp-image-1659\" alt=\"\" srcset=\"https:\/\/anhermed.es\/wp-content\/uploads\/2024\/09\/t-mhya0022-hyaluronic-primario-secundario.jpg 650w, https:\/\/anhermed.es\/wp-content\/uploads\/2024\/09\/t-mhya0022-hyaluronic-primario-secundario-300x300.jpg 300w, https:\/\/anhermed.es\/wp-content\/uploads\/2024\/09\/t-mhya0022-hyaluronic-primario-secundario-150x150.jpg 150w\" sizes=\"(max-width: 650px) 100vw, 650px\" \/>\t\t\t\t\t\t\t\t\t\t\t\t\t\t\t<\/div>\n\t\t\t\t<\/div>\n\t\t\t\t<\/div>\n\t\t\t\t\t<\/div>\n\t\t\t\t<\/div>\n\t\t<div class=\"elementor-element elementor-element-7f92162 e-flex e-con-boxed e-con e-parent\" data-id=\"7f92162\" data-element_type=\"container\" data-settings=\"{&quot;background_background&quot;:&quot;classic&quot;}\">\n\t\t\t\t\t<div class=\"e-con-inner\">\n\t\t<div class=\"elementor-element elementor-element-ad9a2cd e-con-full e-flex e-con e-child\" data-id=\"ad9a2cd\" data-element_type=\"container\" data-settings=\"{&quot;background_background&quot;:&quot;classic&quot;}\">\n\t\t\t\t<div class=\"elementor-element elementor-element-682577d elementor-widget__width-initial elementor-widget elementor-widget-image\" data-id=\"682577d\" data-element_type=\"widget\" data-widget_type=\"image.default\">\n\t\t\t\t<div class=\"elementor-widget-container\">\n\t\t\t\t\t\t\t\t\t\t\t\t\t\t\t<img loading=\"lazy\" decoding=\"async\" width=\"12\" height=\"12\" src=\"https:\/\/anhermed.es\/wp-content\/uploads\/2024\/09\/mesoprotech-melan-130_primario_textura_2-1.avif\" class=\"attachment-trp-custom-language-flag size-trp-custom-language-flag wp-image-1739\" alt=\"\" srcset=\"https:\/\/anhermed.es\/wp-content\/uploads\/2024\/09\/mesoprotech-melan-130_primario_textura_2-1.avif 650w, https:\/\/anhermed.es\/wp-content\/uploads\/2024\/09\/mesoprotech-melan-130_primario_textura_2-1-300x300.avif 300w, https:\/\/anhermed.es\/wp-content\/uploads\/2024\/09\/mesoprotech-melan-130_primario_textura_2-1-150x150.avif 150w, https:\/\/anhermed.es\/wp-content\/uploads\/2024\/09\/elementor\/thumbs\/mesoprotech-melan-130_primario_textura_2-1-qu6n9r502nnbvlanmjbjdcnowtu4smfcgqi4tx65xk.avif 500w, https:\/\/anhermed.es\/wp-content\/uploads\/2024\/09\/elementor\/thumbs\/mesoprotech-melan-130_primario_textura_2-1-150x150.avif 1500w, https:\/\/anhermed.es\/wp-content\/uploads\/2024\/09\/elementor\/thumbs\/mesoprotech-melan-130_primario_textura_2-1-150x150.avif 1000w\" sizes=\"(max-width: 12px) 100vw, 12px\" \/>\t\t\t\t\t\t\t\t\t\t\t\t\t\t\t<\/div>\n\t\t\t\t<\/div>\n\t\t\t\t<div class=\"elementor-element elementor-element-4fbdc50 elementor-widget elementor-widget-text-editor\" data-id=\"4fbdc50\" data-element_type=\"widget\" data-widget_type=\"text-editor.default\">\n\t\t\t\t<div class=\"elementor-widget-container\">\n\t\t\t\t\t\t\t\t\t<p>Protector solar facial amb color i fotoprotecci\u00f3 molt alta indicat per a pells amb imperfeccions pigment\u00e0ries. Ajuda a regular la s\u00edntesi de melanina proporcionant una acci\u00f3 preventiva antitaques. La textura amb color aporta un to natural imperceptible. Resistent a laigua.<\/p>\t\t\t\t\t\t\t\t<\/div>\n\t\t\t\t<\/div>\n\t\t\t\t<\/div>\n\t\t<div class=\"elementor-element elementor-element-25899de e-con-full e-flex e-con e-child\" data-id=\"25899de\" data-element_type=\"container\" data-settings=\"{&quot;background_background&quot;:&quot;classic&quot;}\">\n\t\t\t\t<div class=\"elementor-element elementor-element-6549214 elementor-widget__width-initial elementor-widget elementor-widget-image\" data-id=\"6549214\" data-element_type=\"widget\" data-widget_type=\"image.default\">\n\t\t\t\t<div class=\"elementor-widget-container\">\n\t\t\t\t\t\t\t\t\t\t\t\t\t\t\t<img decoding=\"async\" src=\"https:\/\/anhermed.es\/wp-content\/uploads\/2024\/09\/mesoprotech-melan-130_primario_textura_2-1.avif\" title=\"mesoprotech-melan-130_primario_textura_2\" alt=\"mesoprotech-melan-130_primario_textura_2\" loading=\"lazy\" \/>\t\t\t\t\t\t\t\t\t\t\t\t\t\t\t<\/div>\n\t\t\t\t<\/div>\n\t\t\t\t<div class=\"elementor-element elementor-element-79d2bd3 elementor-widget elementor-widget-text-editor\" data-id=\"79d2bd3\" data-element_type=\"widget\" data-widget_type=\"text-editor.default\">\n\t\t\t\t<div class=\"elementor-widget-container\">\n\t\t\t\t\t\t\t\t\t<p>Protector solar amb fotoprotecci\u00f3 SPF 50 d&#039;alta toler\u00e0ncia d\u00e8rmica per a pells sensibles, sensibilitzades i posttractament amb filtres exclusivament minerals. De textura flu\u00efda amb color per minimitzar el residu blanc. La seva f\u00f3rmula incorpora prebi\u00f2tics, per requilibrar la pell i atenuar signes de sensibilitat. Dermatol\u00f2gicament testat en pells sensibles. Resistent a laigua. Sense perfum.<\/p>\t\t\t\t\t\t\t\t<\/div>\n\t\t\t\t<\/div>\n\t\t\t\t<\/div>\n\t\t\t\t\t<\/div>\n\t\t\t\t<\/div>\n\t\t<div class=\"elementor-element elementor-element-3d85474 e-flex e-con-boxed e-con e-parent\" data-id=\"3d85474\" data-element_type=\"container\" data-settings=\"{&quot;background_background&quot;:&quot;classic&quot;}\">\n\t\t\t\t\t<div class=\"e-con-inner\">\n\t\t<div class=\"elementor-element elementor-element-78513b2 e-con-full e-flex e-con e-child\" data-id=\"78513b2\" data-element_type=\"container\" data-settings=\"{&quot;background_background&quot;:&quot;classic&quot;}\">\n\t\t\t\t<div class=\"elementor-element elementor-element-11f988a elementor-widget__width-initial elementor-widget elementor-widget-image\" data-id=\"11f988a\" data-element_type=\"widget\" data-widget_type=\"image.default\">\n\t\t\t\t<div class=\"elementor-widget-container\">\n\t\t\t\t\t\t\t\t\t\t\t\t\t\t\t<img fetchpriority=\"high\" decoding=\"async\" width=\"650\" height=\"650\" src=\"https:\/\/anhermed.es\/wp-content\/uploads\/2024\/09\/skin-retin_0_3_primario_secundario.avif\" class=\"attachment-full size-full wp-image-1740\" alt=\"\" srcset=\"https:\/\/anhermed.es\/wp-content\/uploads\/2024\/09\/skin-retin_0_3_primario_secundario.avif 650w, https:\/\/anhermed.es\/wp-content\/uploads\/2024\/09\/skin-retin_0_3_primario_secundario-300x300.avif 300w, https:\/\/anhermed.es\/wp-content\/uploads\/2024\/09\/skin-retin_0_3_primario_secundario-150x150.avif 150w\" sizes=\"(max-width: 650px) 100vw, 650px\" \/>\t\t\t\t\t\t\t\t\t\t\t\t\t\t\t<\/div>\n\t\t\t\t<\/div>\n\t\t\t\t<div class=\"elementor-element elementor-element-79fd602 elementor-widget elementor-widget-text-editor\" data-id=\"79fd602\" data-element_type=\"widget\" data-widget_type=\"text-editor.default\">\n\t\t\t\t<div class=\"elementor-widget-container\">\n\t\t\t\t\t\t\t\t\t<p>Gel renovador i retexturitzant per a pells mixtes, greixos i\/o amb tend\u00e8ncia acneica.<\/p><p>\u2013 Renova, purifica i retexturitza la pell<br \/>\u2013 Redueix l&#039;exc\u00e9s de s\u00e8u (seborregulador)<br \/>\u2013 Descongestiona el porus<br \/>\u2013 Acci\u00f3 reguladora sobre les vies principals desencadenants de l&#039;acne per evitar l&#039;aparici\u00f3 d&#039;imperfeccions.<\/p>\t\t\t\t\t\t\t\t<\/div>\n\t\t\t\t<\/div>\n\t\t\t\t<\/div>\n\t\t<div class=\"elementor-element elementor-element-1ea964e e-con-full e-flex e-con e-child\" data-id=\"1ea964e\" data-element_type=\"container\" data-settings=\"{&quot;background_background&quot;:&quot;classic&quot;}\">\n\t\t\t\t<div class=\"elementor-element elementor-element-14bf9ce elementor-widget__width-initial elementor-widget elementor-widget-image\" data-id=\"14bf9ce\" data-element_type=\"widget\" data-widget_type=\"image.default\">\n\t\t\t\t<div class=\"elementor-widget-container\">\n\t\t\t\t\t\t\t\t\t\t\t\t\t\t\t<img loading=\"lazy\" decoding=\"async\" width=\"650\" height=\"650\" src=\"https:\/\/anhermed.es\/wp-content\/uploads\/2024\/09\/age_element_firming_cream_primario_secundario.webp\" class=\"attachment-large size-large wp-image-1741\" alt=\"\" srcset=\"https:\/\/anhermed.es\/wp-content\/uploads\/2024\/09\/age_element_firming_cream_primario_secundario.webp 650w, https:\/\/anhermed.es\/wp-content\/uploads\/2024\/09\/age_element_firming_cream_primario_secundario-300x300.webp 300w, https:\/\/anhermed.es\/wp-content\/uploads\/2024\/09\/age_element_firming_cream_primario_secundario-150x150.webp 150w\" sizes=\"(max-width: 650px) 100vw, 650px\" \/>\t\t\t\t\t\t\t\t\t\t\t\t\t\t\t<\/div>\n\t\t\t\t<\/div>\n\t\t\t\t<div class=\"elementor-element elementor-element-22bb5c5 elementor-widget elementor-widget-text-editor\" data-id=\"22bb5c5\" data-element_type=\"widget\" data-widget_type=\"text-editor.default\">\n\t\t\t\t<div class=\"elementor-widget-container\">\n\t\t\t\t\t\t\t\t\t<p>Gel renovador i retexturitzant per a pells mixtes, greixos i\/o amb tend\u00e8ncia acneica.<\/p><p>\u2013 Renova, purifica i retexturitza la pell<br \/>\u2013 Redueix l&#039;exc\u00e9s de s\u00e8u (seborregulador)<br \/>\u2013 Descongestiona el porus<br \/>\u2013 Acci\u00f3 reguladora sobre les vies principals desencadenants de l&#039;acne per evitar l&#039;aparici\u00f3 d&#039;imperfeccions.<\/p>\t\t\t\t\t\t\t\t<\/div>\n\t\t\t\t<\/div>\n\t\t\t\t<\/div>\n\t\t\t\t\t<\/div>\n\t\t\t\t<\/div>\n\t\t<div class=\"elementor-element elementor-element-08b9d8b e-flex e-con-boxed e-con e-parent\" data-id=\"08b9d8b\" data-element_type=\"container\" data-settings=\"{&quot;background_background&quot;:&quot;classic&quot;}\">\n\t\t\t\t\t<div class=\"e-con-inner\">\n\t\t<div class=\"elementor-element elementor-element-c4adc59 e-con-full e-flex e-con e-child\" data-id=\"c4adc59\" data-element_type=\"container\" data-settings=\"{&quot;background_background&quot;:&quot;classic&quot;}\">\n\t\t\t\t<div class=\"elementor-element elementor-element-9baba83 elementor-widget elementor-widget-image\" data-id=\"9baba83\" data-element_type=\"widget\" data-widget_type=\"image.default\">\n\t\t\t\t<div class=\"elementor-widget-container\">\n\t\t\t\t\t\t\t\t\t\t\t\t\t\t\t<img loading=\"lazy\" decoding=\"async\" width=\"700\" height=\"700\" src=\"https:\/\/anhermed.es\/wp-content\/uploads\/2024\/09\/Mesoestetic-Hydra-Vital-Face-Mask-100ml_700x.webp\" class=\"attachment-large size-large wp-image-1742\" alt=\"\" srcset=\"https:\/\/anhermed.es\/wp-content\/uploads\/2024\/09\/Mesoestetic-Hydra-Vital-Face-Mask-100ml_700x.webp 700w, https:\/\/anhermed.es\/wp-content\/uploads\/2024\/09\/Mesoestetic-Hydra-Vital-Face-Mask-100ml_700x-300x300.webp 300w, https:\/\/anhermed.es\/wp-content\/uploads\/2024\/09\/Mesoestetic-Hydra-Vital-Face-Mask-100ml_700x-150x150.webp 150w\" sizes=\"(max-width: 700px) 100vw, 700px\" \/>\t\t\t\t\t\t\t\t\t\t\t\t\t\t\t<\/div>\n\t\t\t\t<\/div>\n\t\t\t\t<div class=\"elementor-element elementor-element-8fe745a elementor-widget elementor-widget-text-editor\" data-id=\"8fe745a\" data-element_type=\"widget\" data-widget_type=\"text-editor.default\">\n\t\t\t\t<div class=\"elementor-widget-container\">\n\t\t\t\t\t\t\t\t\t<p>Escuma netejadora cremosa amb AHA&#039;s per a pells normals i mixtes. Renovadora, equilibrant i antipol\u00b7luci\u00f3.<\/p>\t\t\t\t\t\t\t\t<\/div>\n\t\t\t\t<\/div>\n\t\t\t\t<\/div>\n\t\t<div class=\"elementor-element elementor-element-3c74ad9 e-con-full e-flex e-con e-child\" data-id=\"3c74ad9\" data-element_type=\"container\" data-settings=\"{&quot;background_background&quot;:&quot;classic&quot;}\">\n\t\t\t\t<div class=\"elementor-element elementor-element-d6a1b05 elementor-widget elementor-widget-text-editor\" data-id=\"d6a1b05\" data-element_type=\"widget\" data-widget_type=\"text-editor.default\">\n\t\t\t\t<div class=\"elementor-widget-container\">\n\t\t\t\t\t\t\t\t\t<p><strong>RENOVADORA, IL\u00b7LUMINADORA:<\/strong><\/p><p>La pres\u00e8ncia d&#039;\u00c0cid Glic\u00f2lic i \u00c0cid L\u00e0ctic en concentraci\u00f3 suau permet millorar la textura, qualitat i lluminositat de la pell.<\/p><p><strong>ACCI\u00d3 BIO-EQUILIBRANT:<\/strong><\/p><p>Un actiu postbi\u00f2tic, Lactobacillus Ferment, obtingut de la fermentaci\u00f3 d\u00b4un bacteri, afavoreix l\u00b4equilibri de la microbiota per potenciar i preservar la funci\u00f3 barrera cut\u00e0nia en \u00f2ptimes condicions.<\/p><p>Un actiu biotecnol\u00f2gic, Urban D-tox, ofereix una acci\u00f3 dual sobre els efectes de la contaminaci\u00f3 sobre la pell: per una banda, permet la remoci\u00f3 de les part\u00edcules contaminants que es dipositen a la pell i de l&#039;altra, redueix l&#039;estr\u00e8s oxidatiu que accelera l&#039;envelliment cutani.<\/p>\t\t\t\t\t\t\t\t<\/div>\n\t\t\t\t<\/div>\n\t\t\t\t<\/div>\n\t\t\t\t\t<\/div>\n\t\t\t\t<\/div>\n\t\t<div class=\"elementor-element elementor-element-667f749 e-flex e-con-boxed e-con e-parent\" data-id=\"667f749\" data-element_type=\"container\" data-settings=\"{&quot;background_background&quot;:&quot;classic&quot;}\">\n\t\t\t\t\t<div class=\"e-con-inner\">\n\t\t<div class=\"elementor-element elementor-element-9528b5b e-con-full e-flex e-con e-child\" data-id=\"9528b5b\" data-element_type=\"container\" data-settings=\"{&quot;background_background&quot;:&quot;classic&quot;}\">\n\t\t\t\t<div class=\"elementor-element elementor-element-3945bb9 elementor-widget__width-initial elementor-widget elementor-widget-image\" data-id=\"3945bb9\" data-element_type=\"widget\" data-widget_type=\"image.default\">\n\t\t\t\t<div class=\"elementor-widget-container\">\n\t\t\t\t\t\t\t\t\t\t\t\t\t\t\t<img loading=\"lazy\" decoding=\"async\" width=\"800\" height=\"800\" src=\"https:\/\/anhermed.es\/wp-content\/uploads\/2024\/09\/hydratonic-mist-cleansing-solutions-mesoestetic-inicio-mesoestetic-r.png\" class=\"attachment-large size-large wp-image-1743\" alt=\"\" srcset=\"https:\/\/anhermed.es\/wp-content\/uploads\/2024\/09\/hydratonic-mist-cleansing-solutions-mesoestetic-inicio-mesoestetic-r.png 800w, https:\/\/anhermed.es\/wp-content\/uploads\/2024\/09\/hydratonic-mist-cleansing-solutions-mesoestetic-inicio-mesoestetic-r-300x300.png 300w, https:\/\/anhermed.es\/wp-content\/uploads\/2024\/09\/hydratonic-mist-cleansing-solutions-mesoestetic-inicio-mesoestetic-r-150x150.png 150w, https:\/\/anhermed.es\/wp-content\/uploads\/2024\/09\/hydratonic-mist-cleansing-solutions-mesoestetic-inicio-mesoestetic-r-768x768.png 768w\" sizes=\"(max-width: 800px) 100vw, 800px\" \/>\t\t\t\t\t\t\t\t\t\t\t\t\t\t\t<\/div>\n\t\t\t\t<\/div>\n\t\t\t\t<div class=\"elementor-element elementor-element-3608073 elementor-widget elementor-widget-text-editor\" data-id=\"3608073\" data-element_type=\"widget\" data-widget_type=\"text-editor.default\">\n\t\t\t\t<div class=\"elementor-widget-container\">\n\t\t\t\t\t\t\t\t\t<p>T\u00f2nic facial hidratant en boira, equilibrant i antipol\u00b7luci\u00f3 per a tot tipus de pells. Completa la higiene facial i potencia l&#039;equilibri de la microbiota cut\u00e0nia.<\/p>\t\t\t\t\t\t\t\t<\/div>\n\t\t\t\t<\/div>\n\t\t\t\t<\/div>\n\t\t<div class=\"elementor-element elementor-element-85b3651 e-con-full e-flex e-con e-child\" data-id=\"85b3651\" data-element_type=\"container\" data-settings=\"{&quot;background_background&quot;:&quot;classic&quot;}\">\n\t\t\t\t<div class=\"elementor-element elementor-element-29f1e13 elementor-widget elementor-widget-text-editor\" data-id=\"29f1e13\" data-element_type=\"widget\" data-widget_type=\"text-editor.default\">\n\t\t\t\t<div class=\"elementor-widget-container\">\n\t\t\t\t\t\t\t\t\t<p><strong>HIDRATANT, REGENERADOR, SUAVITZANT:<\/strong><\/p><p>La seva f\u00f3rmula combina l&#039;acci\u00f3 humectant i suavitzant de l&#039;aigua de roses, amb pantenol (provitamina B5) per a una acci\u00f3 regeneradora i calmant que aporta confort a la pell.<\/p><p><strong>ACCI\u00d3 BIO-EQUILIBRANT:\u00a0<\/strong><\/p><p>Un actiu postbi\u00f2tic, Lactobacillus Ferment, obtingut de la fermentaci\u00f3 d\u00b4un bacteri, afavoreix l\u00b4equilibri de la microbiota per potenciar i preservar la funci\u00f3 barrera cut\u00e0nia en \u00f2ptimes condicions.<\/p><p><strong>ACCI\u00d3 ANTI-POLUCI\u00d3:\u00a0<\/strong><\/p><p>Un actiu biotecnol\u00f2gic, Urban D-tox, ofereix una acci\u00f3 dual sobre els efectes de la contaminaci\u00f3 sobre la pell: per una banda, permet la remoci\u00f3 de les part\u00edcules contaminants que es dipositen a la pell i de l&#039;altra, redueix l&#039;estr\u00e8s oxidatiu que accelera l&#039;envelliment cutani<\/p>\t\t\t\t\t\t\t\t<\/div>\n\t\t\t\t<\/div>\n\t\t\t\t<\/div>\n\t\t\t\t\t<\/div>\n\t\t\t\t<\/div>\n\t\t<div class=\"elementor-element elementor-element-f873722 e-flex e-con-boxed e-con e-parent\" data-id=\"f873722\" data-element_type=\"container\" data-settings=\"{&quot;background_background&quot;:&quot;classic&quot;}\">\n\t\t\t\t\t<div class=\"e-con-inner\">\n\t\t<div class=\"elementor-element elementor-element-bdd21d1 e-con-full e-flex e-con e-child\" data-id=\"bdd21d1\" data-element_type=\"container\" data-settings=\"{&quot;background_background&quot;:&quot;classic&quot;}\">\n\t\t\t\t<div class=\"elementor-element elementor-element-405d920 elementor-widget elementor-widget-image\" data-id=\"405d920\" data-element_type=\"widget\" data-widget_type=\"image.default\">\n\t\t\t\t<div class=\"elementor-widget-container\">\n\t\t\t\t\t\t\t\t\t\t\t\t\t\t\t<img loading=\"lazy\" decoding=\"async\" width=\"800\" height=\"800\" src=\"https:\/\/anhermed.es\/wp-content\/uploads\/2024\/09\/fast_skin_repair-2.webp\" class=\"attachment-large size-large wp-image-1744\" alt=\"\" srcset=\"https:\/\/anhermed.es\/wp-content\/uploads\/2024\/09\/fast_skin_repair-2.webp 938w, https:\/\/anhermed.es\/wp-content\/uploads\/2024\/09\/fast_skin_repair-2-300x300.webp 300w, https:\/\/anhermed.es\/wp-content\/uploads\/2024\/09\/fast_skin_repair-2-150x150.webp 150w, https:\/\/anhermed.es\/wp-content\/uploads\/2024\/09\/fast_skin_repair-2-768x768.webp 768w\" sizes=\"(max-width: 800px) 100vw, 800px\" \/>\t\t\t\t\t\t\t\t\t\t\t\t\t\t\t<\/div>\n\t\t\t\t<\/div>\n\t\t\t\t<div class=\"elementor-element elementor-element-53c58f5 elementor-widget elementor-widget-text-editor\" data-id=\"53c58f5\" data-element_type=\"widget\" data-widget_type=\"text-editor.default\">\n\t\t\t\t<div class=\"elementor-widget-container\">\n\t\t\t\t\t\t\t\t\t<p>B\u00e0lsam calmant i recuperador que torna l&#039;equilibri i el confort a la pell despr\u00e9s d&#039;agressions externes (sol, depilaci\u00f3, afaitat, fricci\u00f3) o despr\u00e9s de tractaments m\u00e8dics est\u00e8tics (peelings, l\u00e0ser, etc) que puguin causar sensibilitzaci\u00f3 cut\u00e0nia, manca de confort i\/o envermelliment. Redueix la sensibilitat cut\u00e0nia i refor\u00e7a el sistema de defensa de la pell. Reequilibria la barrera cut\u00e0nia proporcionant confort, elasticitat i suavitat.<\/p>\t\t\t\t\t\t\t\t<\/div>\n\t\t\t\t<\/div>\n\t\t\t\t<\/div>\n\t\t\t\t\t<\/div>\n\t\t\t\t<\/div>\n\t\t\t\t<\/div>","protected":false},"excerpt":{"rendered":"<p>Productos Faciales: Nutrici\u00f3n y Belleza para Tu Piel En ANHERMED s\u00f3lo trabajamos con primeras compa\u00f1\u00edas y por eso la\u00a0cosm\u00e9tica para nuestro uso y para la venta a nuestros clientes la hemos confiado a MESOESTETIC\u00ae Desde su creaci\u00f3n en 1985 en mesoestetic\u00ae entienden el cuidado de la piel como una ciencia, basada en la evidencia cl\u00ednica, [&hellip;]<\/p>","protected":false},"author":5,"featured_media":0,"parent":0,"menu_order":0,"comment_status":"closed","ping_status":"closed","template":"","meta":{"footnotes":""},"class_list":["post-1651","page","type-page","status-publish","hentry"],"yoast_head":"<!-- This site is optimized with the Yoast SEO plugin v26.8 - https:\/\/yoast.com\/product\/yoast-seo-wordpress\/ -->\n<title>Productos faciales - Anhermed<\/title>\n<meta name=\"description\" content=\"Productos faciales en Anhermed para el cuidado diario de tu piel, con asesoramiento profesional y cosm\u00e9tica de alta calidad.\" \/>\n<meta name=\"robots\" content=\"index, follow, max-snippet:-1, max-image-preview:large, max-video-preview:-1\" \/>\n<link rel=\"canonical\" href=\"https:\/\/anhermed.es\/cat\/productos-faciales\/\" \/>\n<meta property=\"og:locale\" content=\"ca_ES\" \/>\n<meta property=\"og:type\" content=\"article\" \/>\n<meta property=\"og:title\" content=\"Productos faciales - Anhermed\" \/>\n<meta property=\"og:description\" content=\"Productos faciales en Anhermed para el cuidado diario de tu piel, con asesoramiento profesional y cosm\u00e9tica de alta calidad.\" \/>\n<meta property=\"og:url\" content=\"https:\/\/anhermed.es\/cat\/productos-faciales\/\" \/>\n<meta property=\"og:site_name\" content=\"Anhermed\" \/>\n<meta property=\"article:modified_time\" content=\"2026-01-20T16:37:49+00:00\" \/>\n<meta property=\"og:image\" content=\"https:\/\/anhermed.es\/wp-content\/uploads\/2024\/09\/skin-retin_0_3_primario_secundario.avif\" \/>\n<meta name=\"twitter:card\" content=\"summary_large_image\" \/>\n<meta name=\"twitter:label1\" content=\"Temps estimat de lectura\" \/>\n\t<meta name=\"twitter:data1\" content=\"5 minuts\" \/>\n<script type=\"application\/ld+json\" class=\"yoast-schema-graph\">{\"@context\":\"https:\/\/schema.org\",\"@graph\":[{\"@type\":\"WebPage\",\"@id\":\"https:\/\/anhermed.es\/productos-faciales\/\",\"url\":\"https:\/\/anhermed.es\/productos-faciales\/\",\"name\":\"Productos faciales - Anhermed\",\"isPartOf\":{\"@id\":\"https:\/\/anhermed.es\/#website\"},\"primaryImageOfPage\":{\"@id\":\"https:\/\/anhermed.es\/productos-faciales\/#primaryimage\"},\"image\":{\"@id\":\"https:\/\/anhermed.es\/productos-faciales\/#primaryimage\"},\"thumbnailUrl\":\"https:\/\/anhermed.es\/wp-content\/uploads\/2024\/09\/skin-retin_0_3_primario_secundario.avif\",\"datePublished\":\"2024-09-04T08:04:14+00:00\",\"dateModified\":\"2026-01-20T16:37:49+00:00\",\"description\":\"Productos faciales en Anhermed para el cuidado diario de tu piel, con asesoramiento profesional y cosm\u00e9tica de alta calidad.\",\"breadcrumb\":{\"@id\":\"https:\/\/anhermed.es\/productos-faciales\/#breadcrumb\"},\"inLanguage\":\"ca\",\"potentialAction\":[{\"@type\":\"ReadAction\",\"target\":[\"https:\/\/anhermed.es\/productos-faciales\/\"]}]},{\"@type\":\"ImageObject\",\"inLanguage\":\"ca\",\"@id\":\"https:\/\/anhermed.es\/productos-faciales\/#primaryimage\",\"url\":\"https:\/\/anhermed.es\/wp-content\/uploads\/2024\/09\/skin-retin_0_3_primario_secundario.avif\",\"contentUrl\":\"https:\/\/anhermed.es\/wp-content\/uploads\/2024\/09\/skin-retin_0_3_primario_secundario.avif\"},{\"@type\":\"BreadcrumbList\",\"@id\":\"https:\/\/anhermed.es\/productos-faciales\/#breadcrumb\",\"itemListElement\":[{\"@type\":\"ListItem\",\"position\":1,\"name\":\"Portada\",\"item\":\"https:\/\/anhermed.es\/\"},{\"@type\":\"ListItem\",\"position\":2,\"name\":\"Productos faciales\"}]},{\"@type\":\"WebSite\",\"@id\":\"https:\/\/anhermed.es\/#website\",\"url\":\"https:\/\/anhermed.es\/\",\"name\":\"Anhermed\",\"description\":\"\",\"publisher\":{\"@id\":\"https:\/\/anhermed.es\/#organization\"},\"potentialAction\":[{\"@type\":\"SearchAction\",\"target\":{\"@type\":\"EntryPoint\",\"urlTemplate\":\"https:\/\/anhermed.es\/?s={search_term_string}\"},\"query-input\":{\"@type\":\"PropertyValueSpecification\",\"valueRequired\":true,\"valueName\":\"search_term_string\"}}],\"inLanguage\":\"ca\"},{\"@type\":\"Organization\",\"@id\":\"https:\/\/anhermed.es\/#organization\",\"name\":\"Anhermed\",\"url\":\"https:\/\/anhermed.es\/\",\"logo\":{\"@type\":\"ImageObject\",\"inLanguage\":\"ca\",\"@id\":\"https:\/\/anhermed.es\/#\/schema\/logo\/image\/\",\"url\":\"https:\/\/anhermed.es\/wp-content\/uploads\/2024\/07\/ANHERMED-1.svg\",\"contentUrl\":\"https:\/\/anhermed.es\/wp-content\/uploads\/2024\/07\/ANHERMED-1.svg\",\"width\":209,\"height\":215,\"caption\":\"Anhermed\"},\"image\":{\"@id\":\"https:\/\/anhermed.es\/#\/schema\/logo\/image\/\"}}]}<\/script>\n<!-- \/ Yoast SEO plugin. -->","yoast_head_json":{"title":"Productos faciales - Anhermed","description":"Productos faciales en Anhermed para el cuidado diario de tu piel, con asesoramiento profesional y cosm\u00e9tica de alta calidad.","robots":{"index":"index","follow":"follow","max-snippet":"max-snippet:-1","max-image-preview":"max-image-preview:large","max-video-preview":"max-video-preview:-1"},"canonical":"https:\/\/anhermed.es\/cat\/productos-faciales\/","og_locale":"ca_ES","og_type":"article","og_title":"Productos faciales - Anhermed","og_description":"Productos faciales en Anhermed para el cuidado diario de tu piel, con asesoramiento profesional y cosm\u00e9tica de alta calidad.","og_url":"https:\/\/anhermed.es\/cat\/productos-faciales\/","og_site_name":"Anhermed","article_modified_time":"2026-01-20T16:37:49+00:00","og_image":[{"url":"https:\/\/anhermed.es\/wp-content\/uploads\/2024\/09\/skin-retin_0_3_primario_secundario.avif","type":"","width":"","height":""}],"twitter_card":"summary_large_image","twitter_misc":{"Temps estimat de lectura":"5 minuts"},"schema":{"@context":"https:\/\/schema.org","@graph":[{"@type":"WebPage","@id":"https:\/\/anhermed.es\/productos-faciales\/","url":"https:\/\/anhermed.es\/productos-faciales\/","name":"Productos faciales - Anhermed","isPartOf":{"@id":"https:\/\/anhermed.es\/#website"},"primaryImageOfPage":{"@id":"https:\/\/anhermed.es\/productos-faciales\/#primaryimage"},"image":{"@id":"https:\/\/anhermed.es\/productos-faciales\/#primaryimage"},"thumbnailUrl":"https:\/\/anhermed.es\/wp-content\/uploads\/2024\/09\/skin-retin_0_3_primario_secundario.avif","datePublished":"2024-09-04T08:04:14+00:00","dateModified":"2026-01-20T16:37:49+00:00","description":"Productos faciales en Anhermed para el cuidado diario de tu piel, con asesoramiento profesional y cosm\u00e9tica de alta calidad.","breadcrumb":{"@id":"https:\/\/anhermed.es\/productos-faciales\/#breadcrumb"},"inLanguage":"ca","potentialAction":[{"@type":"ReadAction","target":["https:\/\/anhermed.es\/productos-faciales\/"]}]},{"@type":"ImageObject","inLanguage":"ca","@id":"https:\/\/anhermed.es\/productos-faciales\/#primaryimage","url":"https:\/\/anhermed.es\/wp-content\/uploads\/2024\/09\/skin-retin_0_3_primario_secundario.avif","contentUrl":"https:\/\/anhermed.es\/wp-content\/uploads\/2024\/09\/skin-retin_0_3_primario_secundario.avif"},{"@type":"BreadcrumbList","@id":"https:\/\/anhermed.es\/productos-faciales\/#breadcrumb","itemListElement":[{"@type":"ListItem","position":1,"name":"Portada","item":"https:\/\/anhermed.es\/"},{"@type":"ListItem","position":2,"name":"Productos faciales"}]},{"@type":"WebSite","@id":"https:\/\/anhermed.es\/#website","url":"https:\/\/anhermed.es\/","name":"Anhermed","description":"","publisher":{"@id":"https:\/\/anhermed.es\/#organization"},"potentialAction":[{"@type":"SearchAction","target":{"@type":"EntryPoint","urlTemplate":"https:\/\/anhermed.es\/?s={search_term_string}"},"query-input":{"@type":"PropertyValueSpecification","valueRequired":true,"valueName":"search_term_string"}}],"inLanguage":"ca"},{"@type":"Organization","@id":"https:\/\/anhermed.es\/#organization","name":"Anhermed","url":"https:\/\/anhermed.es\/","logo":{"@type":"ImageObject","inLanguage":"ca","@id":"https:\/\/anhermed.es\/#\/schema\/logo\/image\/","url":"https:\/\/anhermed.es\/wp-content\/uploads\/2024\/07\/ANHERMED-1.svg","contentUrl":"https:\/\/anhermed.es\/wp-content\/uploads\/2024\/07\/ANHERMED-1.svg","width":209,"height":215,"caption":"Anhermed"},"image":{"@id":"https:\/\/anhermed.es\/#\/schema\/logo\/image\/"}}]}},"_links":{"self":[{"href":"https:\/\/anhermed.es\/cat\/wp-json\/wp\/v2\/pages\/1651","targetHints":{"allow":["GET"]}}],"collection":[{"href":"https:\/\/anhermed.es\/cat\/wp-json\/wp\/v2\/pages"}],"about":[{"href":"https:\/\/anhermed.es\/cat\/wp-json\/wp\/v2\/types\/page"}],"author":[{"embeddable":true,"href":"https:\/\/anhermed.es\/cat\/wp-json\/wp\/v2\/users\/5"}],"replies":[{"embeddable":true,"href":"https:\/\/anhermed.es\/cat\/wp-json\/wp\/v2\/comments?post=1651"}],"version-history":[{"count":19,"href":"https:\/\/anhermed.es\/cat\/wp-json\/wp\/v2\/pages\/1651\/revisions"}],"predecessor-version":[{"id":1884,"href":"https:\/\/anhermed.es\/cat\/wp-json\/wp\/v2\/pages\/1651\/revisions\/1884"}],"wp:attachment":[{"href":"https:\/\/anhermed.es\/cat\/wp-json\/wp\/v2\/media?parent=1651"}],"curies":[{"name":"wp","href":"https:\/\/api.w.org\/{rel}","templated":true}]}}