{"id":1637,"date":"2024-09-04T09:40:36","date_gmt":"2024-09-04T07:40:36","guid":{"rendered":"https:\/\/anhermed.es\/?page_id=1637"},"modified":"2026-01-20T17:32:45","modified_gmt":"2026-01-20T16:32:45","slug":"medicina-estetica-facial","status":"publish","type":"page","link":"https:\/\/anhermed.es\/cat\/medicina-estetica-facial\/","title":{"rendered":"Medicina est\u00e8tica facial"},"content":{"rendered":"<div data-elementor-type=\"wp-page\" data-elementor-id=\"1637\" class=\"elementor elementor-1637\" data-elementor-post-type=\"page\">\n\t\t\t\t<div class=\"elementor-element elementor-element-69d0899 e-flex e-con-boxed e-con e-parent\" data-id=\"69d0899\" data-element_type=\"container\" data-settings=\"{&quot;background_background&quot;:&quot;classic&quot;}\">\n\t\t\t\t\t<div class=\"e-con-inner\">\n\t\t\t\t<div class=\"elementor-element elementor-element-bde67bb elementor-widget elementor-widget-heading\" data-id=\"bde67bb\" data-element_type=\"widget\" data-widget_type=\"heading.default\">\n\t\t\t\t<div class=\"elementor-widget-container\">\n\t\t\t\t\t<h1 class=\"elementor-heading-title elementor-size-default\">Medicina est\u00e8tica facial<\/h1>\t\t\t\t<\/div>\n\t\t\t\t<\/div>\n\t\t\t\t\t<\/div>\n\t\t\t\t<\/div>\n\t\t<div class=\"elementor-element elementor-element-f9befac e-flex e-con-boxed e-con e-parent\" data-id=\"f9befac\" data-element_type=\"container\">\n\t\t\t\t\t<div class=\"e-con-inner\">\n\t\t<div class=\"elementor-element elementor-element-ae0e84a e-con-full e-flex e-con e-child\" data-id=\"ae0e84a\" data-element_type=\"container\">\n\t\t<div class=\"elementor-element elementor-element-9e03259 e-con-full e-flex e-con e-child\" data-id=\"9e03259\" data-element_type=\"container\" data-settings=\"{&quot;background_background&quot;:&quot;classic&quot;}\">\n\t\t\t\t<div class=\"elementor-element elementor-element-c3963be elementor-widget elementor-widget-heading\" data-id=\"c3963be\" data-element_type=\"widget\" data-widget_type=\"heading.default\">\n\t\t\t\t<div class=\"elementor-widget-container\">\n\t\t\t\t\t<h2 class=\"elementor-heading-title elementor-size-default\">Cura facial avan\u00e7ada: Rejoveneix la teva pell amb els nostres tractaments<\/h2>\t\t\t\t<\/div>\n\t\t\t\t<\/div>\n\t\t\t\t<div class=\"elementor-element elementor-element-18d2a68 elementor-invisible elementor-widget elementor-widget-text-editor\" data-id=\"18d2a68\" data-element_type=\"widget\" data-settings=\"{&quot;_animation&quot;:&quot;fadeIn&quot;}\" data-widget_type=\"text-editor.default\">\n\t\t\t\t<div class=\"elementor-widget-container\">\n\t\t\t\t\t\t\t\t\t<p>Al nostre centre m\u00e8dic est\u00e8tic comptem amb tractaments facials amb qu\u00e8\u00a0<span style=\"font-size: 0.944em; letter-spacing: 0px; text-align: var(--text-align); background-color: var( --e-global-color-565a915 );\">aconseguir\u00e0s lluir una pell perfecta. El nostre equip professional est\u00e0 \u00e0mpliament qualificat\u00a0<\/span><span style=\"font-size: 0.944em; letter-spacing: 0px; text-align: var(--text-align); background-color: var( --e-global-color-565a915 );\">per ajudar-te a cuidar la teva imatge personal i per aconseguir la millor versi\u00f3 de tu mateixa<\/span><\/p>\t\t\t\t\t\t\t\t<\/div>\n\t\t\t\t<\/div>\n\t\t\t\t<\/div>\n\t\t\t\t<\/div>\n\t\t<div class=\"elementor-element elementor-element-9336429 e-con-full e-flex e-con e-child\" data-id=\"9336429\" data-element_type=\"container\">\n\t\t<div class=\"elementor-element elementor-element-f4affef e-con-full e-flex e-con e-child\" data-id=\"f4affef\" data-element_type=\"container\">\n\t\t<div class=\"elementor-element elementor-element-01fa7ac e-con-full e-flex e-con e-child\" data-id=\"01fa7ac\" data-element_type=\"container\">\n\t\t\t\t<div class=\"elementor-element elementor-element-3f7dfd9 elementor-invisible elementor-widget elementor-widget-image\" data-id=\"3f7dfd9\" data-element_type=\"widget\" data-settings=\"{&quot;_animation&quot;:&quot;fadeIn&quot;,&quot;_animation_delay&quot;:100}\" data-widget_type=\"image.default\">\n\t\t\t\t<div class=\"elementor-widget-container\">\n\t\t\t\t\t\t\t\t\t\t\t\t\t\t\t<img decoding=\"async\" src=\"https:\/\/anhermed.es\/wp-content\/uploads\/elementor\/thumbs\/2-r42j52cxnyajig2nzqojn9ujr1d2dvn8po0bkqvxxk.jpg\" title=\"2\" alt=\"2\" loading=\"lazy\" \/>\t\t\t\t\t\t\t\t\t\t\t\t\t\t\t<\/div>\n\t\t\t\t<\/div>\n\t\t\t\t<\/div>\n\t\t<div class=\"elementor-element elementor-element-d049649 e-con-full e-flex e-con e-child\" data-id=\"d049649\" data-element_type=\"container\">\n\t\t\t\t<div class=\"elementor-element elementor-element-ee01daa elementor-invisible elementor-widget elementor-widget-image\" data-id=\"ee01daa\" data-element_type=\"widget\" data-settings=\"{&quot;_animation&quot;:&quot;fadeIn&quot;,&quot;_animation_delay&quot;:150}\" data-widget_type=\"image.default\">\n\t\t\t\t<div class=\"elementor-widget-container\">\n\t\t\t\t\t\t\t\t\t\t\t\t\t\t\t<img decoding=\"async\" src=\"https:\/\/anhermed.es\/wp-content\/uploads\/elementor\/thumbs\/8-r42j4zjf3g5jmfi6s23qvkw576uk70doib272zy6d4.jpg\" title=\"8\" alt=\"8\" loading=\"lazy\" \/>\t\t\t\t\t\t\t\t\t\t\t\t\t\t\t<\/div>\n\t\t\t\t<\/div>\n\t\t\t\t<\/div>\n\t\t\t\t<\/div>\n\t\t\t\t<\/div>\n\t\t\t\t\t<\/div>\n\t\t\t\t<\/div>\n\t\t<div class=\"elementor-element elementor-element-ab3f8ad e-flex e-con-boxed e-con e-parent\" data-id=\"ab3f8ad\" data-element_type=\"container\" data-settings=\"{&quot;background_background&quot;:&quot;classic&quot;}\">\n\t\t\t\t\t<div class=\"e-con-inner\">\n\t\t<div class=\"elementor-element elementor-element-82fa940 e-con-full e-flex e-con e-child\" data-id=\"82fa940\" data-element_type=\"container\" data-settings=\"{&quot;motion_fx_motion_fx_scrolling&quot;:&quot;yes&quot;,&quot;sticky&quot;:&quot;top&quot;,&quot;sticky_offset&quot;:170,&quot;sticky_parent&quot;:&quot;yes&quot;,&quot;sticky_on&quot;:[&quot;desktop&quot;],&quot;motion_fx_devices&quot;:[&quot;desktop&quot;,&quot;tablet&quot;,&quot;mobile&quot;],&quot;sticky_effects_offset&quot;:0}\">\n\t\t<div class=\"elementor-element elementor-element-748a42b e-con-full e-flex e-con e-child\" data-id=\"748a42b\" data-element_type=\"container\" data-settings=\"{&quot;background_background&quot;:&quot;classic&quot;}\">\n\t\t\t\t<div class=\"elementor-element elementor-element-9cd464d elementor-widget elementor-widget-heading\" data-id=\"9cd464d\" data-element_type=\"widget\" data-widget_type=\"heading.default\">\n\t\t\t\t<div class=\"elementor-widget-container\">\n\t\t\t\t\t<h2 class=\"elementor-heading-title elementor-size-default\">Botox neuromodeladors<\/h2>\t\t\t\t<\/div>\n\t\t\t\t<\/div>\n\t\t\t\t<\/div>\n\t\t\t\t<div class=\"elementor-element elementor-element-995b86e elementor-invisible elementor-widget elementor-widget-text-editor\" data-id=\"995b86e\" data-element_type=\"widget\" data-settings=\"{&quot;_animation&quot;:&quot;fadeIn&quot;}\" data-widget_type=\"text-editor.default\">\n\t\t\t\t<div class=\"elementor-widget-container\">\n\t\t\t\t\t\t\t\t\t<p>Tractament avan\u00e7at que redefineix i rejoveneix el rostre, reduint l\u00ednies d&#039;expressi\u00f3 i arrugues de forma natural. A ANHERMED, els nostres especialistes personalitzen cada aplicaci\u00f3 per real\u00e7ar la teva bellesa i aconseguir resultats duradors.<\/p>\t\t\t\t\t\t\t\t<\/div>\n\t\t\t\t<\/div>\n\t\t\t\t<\/div>\n\t\t<div class=\"elementor-element elementor-element-3b42f87 e-con-full e-flex e-con e-child\" data-id=\"3b42f87\" data-element_type=\"container\">\n\t\t<div class=\"elementor-element elementor-element-46a9dbc e-con-full elementor-hidden-desktop elementor-hidden-tablet elementor-hidden-mobile e-flex e-con e-child\" data-id=\"46a9dbc\" data-element_type=\"container\" data-settings=\"{&quot;background_background&quot;:&quot;classic&quot;}\">\n\t\t\t\t<div class=\"elementor-element elementor-element-0d169ee elementor-widget elementor-widget-price-list\" data-id=\"0d169ee\" data-element_type=\"widget\" data-widget_type=\"price-list.default\">\n\t\t\t\t<div class=\"elementor-widget-container\">\n\t\t\t\t\t\n\t\t<ul class=\"elementor-price-list\">\n\n\t\t\t\t\t\t\t\t\t<li><a class=\"elementor-price-list-item\" href=\"#\">\t\t\t\t\n\t\t\t\t<div class=\"elementor-price-list-text\">\n\t\t\t\t\t\t\t\t\t<div class=\"elementor-price-list-header\">\n\t\t\t\t\t\t\t\t\t\t\t<span class=\"elementor-price-list-title\">\n\t\t\t\t\t\t\tNeuromodeladors\t\t\t\t\t\t<\/span>\n\t\t\t\t\t\t\t\t\t\t\t\t\t\t\t\t\t\t\t\t\t<\/div>\n\t\t\t\t\t\t\t\t\t\t\t\t\t\t\t<p class=\"elementor-price-list-description\">\n\t\t\t\t\t\t\tBellesa Natural i Renovada: Els neuromodeladors s\u00f3n tractaments est\u00e8tics que us permeten suavitzar les l\u00ednies d&#039;expressi\u00f3 i arrugues, tornant al vostre rostre una aparen\u00e7a m\u00e9s relaxada i juvenil. Aquest procediment \u00e9s m\u00ednimament invasiu i actua relaxant els m\u00fasculs que provoquen arrugues a la pell, especialment en zones com el front, l&#039;entrecella i les potes de gall.\t\t\t\t\t\t<\/p>\n\t\t\t\t\t\t\t\t<\/div>\n\t\t\t\t<\/a><\/li>\t\t\t\t\t\n\t\t<\/ul>\n\n\t\t\t\t\t\t<\/div>\n\t\t\t\t<\/div>\n\t\t\t\t<\/div>\n\t\t<div class=\"elementor-element elementor-element-a0b8b9d e-con-full e-flex e-con e-child\" data-id=\"a0b8b9d\" data-element_type=\"container\" data-settings=\"{&quot;background_background&quot;:&quot;classic&quot;}\">\n\t\t\t\t<div class=\"elementor-element elementor-element-81520e5 elementor-widget elementor-widget-price-list\" data-id=\"81520e5\" data-element_type=\"widget\" data-widget_type=\"price-list.default\">\n\t\t\t\t<div class=\"elementor-widget-container\">\n\t\t\t\t\t\n\t\t<ul class=\"elementor-price-list\">\n\n\t\t\t\t\t\t\t\t\t<li><a class=\"elementor-price-list-item\" href=\"#\">\t\t\t\t\n\t\t\t\t<div class=\"elementor-price-list-text\">\n\t\t\t\t\t\t\t\t\t<div class=\"elementor-price-list-header\">\n\t\t\t\t\t\t\t\t\t\t\t<span class=\"elementor-price-list-title\">\n\t\t\t\t\t\t\tBotox\t\t\t\t\t\t<\/span>\n\t\t\t\t\t\t\t\t\t\t\t\t\t\t\t\t\t\t\t\t\t<\/div>\n\t\t\t\t\t\t\t\t\t\t\t\t\t\t\t<p class=\"elementor-price-list-description\">\n\t\t\t\t\t\t\tEl Secret d&#039;una Pell Suau: El botox \u00e9s un dels neuromodeladors m\u00e9s populars i efica\u00e7os. Utilitzat durant anys al camp de l&#039;est\u00e8tica, el botox treballa bloquejant temporalment l&#039;activitat muscular responsable de les arrugues. Aquest procediment \u00e9s r\u00e0pid i els efectes s\u00f3n visibles en pocs dies, deixant la pell m\u00e9s suau, amb un aspecte rejovenit i natural. Ideal per als que busquen refrescar la seva aparen\u00e7a sense cirurgies, el botox \u00e9s una excel\u00b7lent opci\u00f3 per tractar arrugues din\u00e0miques causades per l&#039;expressi\u00f3 facial, i la durada mitjana \u00e9s de 3 a 6 mesos. Deixa&#039;ns acompanyar-te en el cam\u00ed cap a una pell renovada i radiant. Descobreix el poder dels neuromodeladors per sentir-te i veure&#039;t millor\t\t\t\t\t\t<\/p>\n\t\t\t\t\t\t\t\t<\/div>\n\t\t\t\t<\/a><\/li>\t\t\t\t\t\n\t\t<\/ul>\n\n\t\t\t\t\t\t<\/div>\n\t\t\t\t<\/div>\n\t\t\t\t<\/div>\n\t\t\t\t<\/div>\n\t\t\t\t\t<\/div>\n\t\t\t\t<\/div>\n\t\t<div class=\"elementor-element elementor-element-64434eb e-flex e-con-boxed e-con e-parent\" data-id=\"64434eb\" data-element_type=\"container\" data-settings=\"{&quot;background_background&quot;:&quot;classic&quot;}\">\n\t\t\t\t\t<div class=\"e-con-inner\">\n\t\t<div class=\"elementor-element elementor-element-2a30006 e-con-full e-flex e-con e-child\" data-id=\"2a30006\" data-element_type=\"container\" data-settings=\"{&quot;motion_fx_motion_fx_scrolling&quot;:&quot;yes&quot;,&quot;sticky&quot;:&quot;top&quot;,&quot;sticky_offset&quot;:170,&quot;sticky_parent&quot;:&quot;yes&quot;,&quot;sticky_on&quot;:[&quot;desktop&quot;],&quot;motion_fx_devices&quot;:[&quot;desktop&quot;,&quot;tablet&quot;,&quot;mobile&quot;],&quot;sticky_effects_offset&quot;:0}\">\n\t\t<div class=\"elementor-element elementor-element-2c615e8 e-con-full e-flex e-con e-child\" data-id=\"2c615e8\" data-element_type=\"container\" data-settings=\"{&quot;background_background&quot;:&quot;classic&quot;}\">\n\t\t\t\t<div class=\"elementor-element elementor-element-3af0d87 elementor-widget elementor-widget-heading\" data-id=\"3af0d87\" data-element_type=\"widget\" data-widget_type=\"heading.default\">\n\t\t\t\t<div class=\"elementor-widget-container\">\n\t\t\t\t\t<h2 class=\"elementor-heading-title elementor-size-default\">Farcits d&#039;\u00e0cid hialur\u00f2nic<\/h2>\t\t\t\t<\/div>\n\t\t\t\t<\/div>\n\t\t\t\t<\/div>\n\t\t\t\t<div class=\"elementor-element elementor-element-7fcc36d elementor-invisible elementor-widget elementor-widget-text-editor\" data-id=\"7fcc36d\" data-element_type=\"widget\" data-settings=\"{&quot;_animation&quot;:&quot;fadeIn&quot;}\" data-widget_type=\"text-editor.default\">\n\t\t\t\t<div class=\"elementor-widget-container\">\n\t\t\t\t\t\t\t\t\t<p>Els farcits d&#039;\u00e0cid hialur\u00f2nic s\u00f3n ideals per restaurar el volum perdut, suavitzar arrugues i redefinir contorns facials, aconseguint un efecte fresc i rejovenit. A ANHERMED, els nostres tractaments personalitzats destaquen per la seguretat i els resultats naturals.<\/p>\t\t\t\t\t\t\t\t<\/div>\n\t\t\t\t<\/div>\n\t\t\t\t<\/div>\n\t\t<div class=\"elementor-element elementor-element-972250a e-con-full e-flex e-con e-child\" data-id=\"972250a\" data-element_type=\"container\" data-settings=\"{&quot;motion_fx_motion_fx_scrolling&quot;:&quot;yes&quot;,&quot;sticky&quot;:&quot;top&quot;,&quot;sticky_offset&quot;:170,&quot;sticky_parent&quot;:&quot;yes&quot;,&quot;sticky_on&quot;:[&quot;desktop&quot;],&quot;motion_fx_devices&quot;:[&quot;desktop&quot;,&quot;tablet&quot;,&quot;mobile&quot;],&quot;sticky_effects_offset&quot;:0}\">\n\t\t<div class=\"elementor-element elementor-element-adeb091 e-con-full e-flex e-con e-child\" data-id=\"adeb091\" data-element_type=\"container\" data-settings=\"{&quot;background_background&quot;:&quot;classic&quot;}\">\n\t\t\t\t<div class=\"elementor-element elementor-element-adf9df0 elementor-widget elementor-widget-price-list\" data-id=\"adf9df0\" data-element_type=\"widget\" data-widget_type=\"price-list.default\">\n\t\t\t\t<div class=\"elementor-widget-container\">\n\t\t\t\t\t\n\t\t<ul class=\"elementor-price-list\">\n\n\t\t\t\t\t\t\t\t\t<li><a class=\"elementor-price-list-item\" href=\"#\">\t\t\t\t\n\t\t\t\t<div class=\"elementor-price-list-text\">\n\t\t\t\t\t\t\t\t\t<div class=\"elementor-price-list-header\">\n\t\t\t\t\t\t\t\t\t\t\t<span class=\"elementor-price-list-title\">\n\t\t\t\t\t\t\tVolum i Joventut a l&#039;Instant\t\t\t\t\t\t<\/span>\n\t\t\t\t\t\t\t\t\t\t\t\t\t\t\t\t\t\t\t\t\t<\/div>\n\t\t\t\t\t\t\t\t\t\t\t\t\t\t\t<p class=\"elementor-price-list-description\">\n\t\t\t\t\t\t\tEls farcits d&#039;\u00e0cid hialur\u00f2nic s\u00f3n un dels tractaments est\u00e8tics m\u00e9s populars per tornar volum i fermesa a la pell. Aquest procediment \u00e9s ideal per als que volen millorar o restaurar l&#039;aparen\u00e7a de certes \u00e0rees de la cara de manera natural i segura.\t\t\t\t\t\t<\/p>\n\t\t\t\t\t\t\t\t<\/div>\n\t\t\t\t<\/a><\/li>\t\t\t\t\t\n\t\t<\/ul>\n\n\t\t\t\t\t\t<\/div>\n\t\t\t\t<\/div>\n\t\t\t\t<\/div>\n\t\t<div class=\"elementor-element elementor-element-1339182 e-con-full e-flex e-con e-child\" data-id=\"1339182\" data-element_type=\"container\" data-settings=\"{&quot;background_background&quot;:&quot;classic&quot;}\">\n\t\t\t\t<div class=\"elementor-element elementor-element-495911e elementor-widget elementor-widget-price-list\" data-id=\"495911e\" data-element_type=\"widget\" data-widget_type=\"price-list.default\">\n\t\t\t\t<div class=\"elementor-widget-container\">\n\t\t\t\t\t\n\t\t<ul class=\"elementor-price-list\">\n\n\t\t\t\t\t\t\t\t\t<li><a class=\"elementor-price-list-item\" href=\"#\">\t\t\t\t\n\t\t\t\t<div class=\"elementor-price-list-text\">\n\t\t\t\t\t\t\t\t\t\t\t\t\t\t\t<p class=\"elementor-price-list-description\">\n\t\t\t\t\t\t\tL&#039;\u00e0cid hialur\u00f2nic \u00e9s una subst\u00e0ncia que es troba de forma natural al nostre cos i s&#039;encarrega d&#039;hidratar i donar elasticitat a la pell. Amb el pas del temps, la producci\u00f3 d&#039;aquesta subst\u00e0ncia disminueix, cosa que provoca p\u00e8rdua de volum, l\u00ednies fines i arrugues. Els farcits d&#039;\u00e0cid hialur\u00f2nic ajuden a corregir aquests signes, proporcionant resultats immediats sense necessitat de cirurgia\t\t\t\t\t\t<\/p>\n\t\t\t\t\t\t\t\t<\/div>\n\t\t\t\t<\/a><\/li>\t\t\t\t\t\n\t\t<\/ul>\n\n\t\t\t\t\t\t<\/div>\n\t\t\t\t<\/div>\n\t\t\t\t<\/div>\n\t\t<div class=\"elementor-element elementor-element-70ed229 e-con-full e-flex e-con e-child\" data-id=\"70ed229\" data-element_type=\"container\" data-settings=\"{&quot;background_background&quot;:&quot;classic&quot;}\">\n\t\t\t\t<div class=\"elementor-element elementor-element-8367b26 elementor-widget elementor-widget-price-list\" data-id=\"8367b26\" data-element_type=\"widget\" data-widget_type=\"price-list.default\">\n\t\t\t\t<div class=\"elementor-widget-container\">\n\t\t\t\t\t\n\t\t<ul class=\"elementor-price-list\">\n\n\t\t\t\t\t\t\t\t\t<li><a class=\"elementor-price-list-item\" href=\"#\">\t\t\t\t\n\t\t\t\t<div class=\"elementor-price-list-text\">\n\t\t\t\t\t\t\t\t\t\t\t\t\t\t\t<p class=\"elementor-price-list-description\">\n\t\t\t\t\t\t\tJa sigui per definir els p\u00f2muls, suavitzar solcs nasogenians, omplir llavis o millorar el contorn facial, els farcits d&#039;\u00e0cid hialur\u00f2nic s\u00f3n una soluci\u00f3 vers\u00e0til que revitalitza el rostre i el deixa amb un aspecte fresc i rejovenit. A m\u00e9s, aquest tractament \u00e9s temporal i pot durar entre 6 a 12 mesos, cosa que permet ajustar els resultats amb el temps\t\t\t\t\t\t<\/p>\n\t\t\t\t\t\t\t\t<\/div>\n\t\t\t\t<\/a><\/li>\t\t\t\t\t\n\t\t<\/ul>\n\n\t\t\t\t\t\t<\/div>\n\t\t\t\t<\/div>\n\t\t\t\t<\/div>\n\t\t<div class=\"elementor-element elementor-element-5ffb4d1 e-con-full e-flex e-con e-child\" data-id=\"5ffb4d1\" data-element_type=\"container\" data-settings=\"{&quot;background_background&quot;:&quot;classic&quot;}\">\n\t\t\t\t<div class=\"elementor-element elementor-element-e36bb1d elementor-widget elementor-widget-price-list\" data-id=\"e36bb1d\" data-element_type=\"widget\" data-widget_type=\"price-list.default\">\n\t\t\t\t<div class=\"elementor-widget-container\">\n\t\t\t\t\t\n\t\t<ul class=\"elementor-price-list\">\n\n\t\t\t\t\t\t\t\t\t<li><a class=\"elementor-price-list-item\" href=\"#\">\t\t\t\t\n\t\t\t\t<div class=\"elementor-price-list-text\">\n\t\t\t\t\t\t\t\t\t\t\t\t\t\t\t<p class=\"elementor-price-list-description\">\n\t\t\t\t\t\t\tConfia en aquest tractament segur i efectiu per aconseguir l&#039;aparen\u00e7a que desitges sense perdre la naturalitat\t\t\t\t\t\t<\/p>\n\t\t\t\t\t\t\t\t<\/div>\n\t\t\t\t<\/a><\/li>\t\t\t\t\t\n\t\t<\/ul>\n\n\t\t\t\t\t\t<\/div>\n\t\t\t\t<\/div>\n\t\t\t\t<\/div>\n\t\t\t\t<\/div>\n\t\t\t\t\t<\/div>\n\t\t\t\t<\/div>\n\t\t<div class=\"elementor-element elementor-element-331a35a e-flex e-con-boxed e-con e-parent\" data-id=\"331a35a\" data-element_type=\"container\" data-settings=\"{&quot;background_background&quot;:&quot;classic&quot;}\">\n\t\t\t\t\t<div class=\"e-con-inner\">\n\t\t<div class=\"elementor-element elementor-element-ac79de2 e-con-full e-flex e-con e-child\" data-id=\"ac79de2\" data-element_type=\"container\" data-settings=\"{&quot;motion_fx_motion_fx_scrolling&quot;:&quot;yes&quot;,&quot;sticky&quot;:&quot;top&quot;,&quot;sticky_offset&quot;:170,&quot;sticky_parent&quot;:&quot;yes&quot;,&quot;sticky_on&quot;:[&quot;desktop&quot;],&quot;motion_fx_devices&quot;:[&quot;desktop&quot;,&quot;tablet&quot;,&quot;mobile&quot;],&quot;sticky_effects_offset&quot;:0}\">\n\t\t<div class=\"elementor-element elementor-element-44858db e-con-full e-flex e-con e-child\" data-id=\"44858db\" data-element_type=\"container\" data-settings=\"{&quot;background_background&quot;:&quot;classic&quot;}\">\n\t\t\t\t<div class=\"elementor-element elementor-element-dbefe26 elementor-widget elementor-widget-heading\" data-id=\"dbefe26\" data-element_type=\"widget\" data-widget_type=\"heading.default\">\n\t\t\t\t<div class=\"elementor-widget-container\">\n\t\t\t\t\t<h2 class=\"elementor-heading-title elementor-size-default\">Fils tensors<\/h2>\t\t\t\t<\/div>\n\t\t\t\t<\/div>\n\t\t\t\t<\/div>\n\t\t\t\t<div class=\"elementor-element elementor-element-ccc0e4a elementor-invisible elementor-widget elementor-widget-text-editor\" data-id=\"ccc0e4a\" data-element_type=\"widget\" data-settings=\"{&quot;_animation&quot;:&quot;fadeIn&quot;}\" data-widget_type=\"text-editor.default\">\n\t\t\t\t<div class=\"elementor-widget-container\">\n\t\t\t\t\t\t\t\t\t<p>Els fils tensors s\u00f3n una t\u00e8cnica m\u00ednimament invasiva que ofereix un efecte l\u00edfting immediat, millorant la fermesa i elasticitat de la pell sense cirurgia. A ANHERMED, els nostres experts apliquen fils d&#039;alta qualitat per redefinir i rejovenir el rostre de manera natural i segura.<\/p>\t\t\t\t\t\t\t\t<\/div>\n\t\t\t\t<\/div>\n\t\t\t\t<\/div>\n\t\t<div class=\"elementor-element elementor-element-e49809e e-con-full e-flex e-con e-child\" data-id=\"e49809e\" data-element_type=\"container\">\n\t\t<div class=\"elementor-element elementor-element-dfbeb1a e-con-full e-flex e-con e-child\" data-id=\"dfbeb1a\" data-element_type=\"container\" data-settings=\"{&quot;background_background&quot;:&quot;classic&quot;}\">\n\t\t\t\t<div class=\"elementor-element elementor-element-7d7eb69 elementor-widget elementor-widget-price-list\" data-id=\"7d7eb69\" data-element_type=\"widget\" data-widget_type=\"price-list.default\">\n\t\t\t\t<div class=\"elementor-widget-container\">\n\t\t\t\t\t\n\t\t<ul class=\"elementor-price-list\">\n\n\t\t\t\t\t\t\t\t\t<li><a class=\"elementor-price-list-item\" href=\"#\">\t\t\t\t\n\t\t\t\t<div class=\"elementor-price-list-text\">\n\t\t\t\t\t\t\t\t\t<div class=\"elementor-price-list-header\">\n\t\t\t\t\t\t\t\t\t\t\t<span class=\"elementor-price-list-title\">\n\t\t\t\t\t\t\tEl Lifting Sense Cirurgia\t\t\t\t\t\t<\/span>\n\t\t\t\t\t\t\t\t\t\t\t\t\t\t\t\t\t\t\t\t\t<\/div>\n\t\t\t\t\t\t\t\t\t\t\t\t\t\t\t<p class=\"elementor-price-list-description\">\n\t\t\t\t\t\t\tEls fils tensors s\u00f3n una innovadora t\u00e8cnica de rejoveniment facial que ofereix resultats immediats sense necessitat de passar pel quir\u00f2fan. Aquest tractament no invasiu \u00e9s ideal per als que busquen millorar la fermesa de la pell, aixecar zones caigudes i redefinir els contorns del rostre, tot de manera natural i segura.\t\t\t\t\t\t<\/p>\n\t\t\t\t\t\t\t\t<\/div>\n\t\t\t\t<\/a><\/li>\t\t\t\t\t\n\t\t<\/ul>\n\n\t\t\t\t\t\t<\/div>\n\t\t\t\t<\/div>\n\t\t\t\t<\/div>\n\t\t<div class=\"elementor-element elementor-element-10f4836 e-con-full e-flex e-con e-child\" data-id=\"10f4836\" data-element_type=\"container\" data-settings=\"{&quot;background_background&quot;:&quot;classic&quot;}\">\n\t\t\t\t<div class=\"elementor-element elementor-element-998213e elementor-widget elementor-widget-price-list\" data-id=\"998213e\" data-element_type=\"widget\" data-widget_type=\"price-list.default\">\n\t\t\t\t<div class=\"elementor-widget-container\">\n\t\t\t\t\t\n\t\t<ul class=\"elementor-price-list\">\n\n\t\t\t\t\t\t\t\t\t<li><a class=\"elementor-price-list-item\" href=\"#\">\t\t\t\t\n\t\t\t\t<div class=\"elementor-price-list-text\">\n\t\t\t\t\t\t\t\t\t\t\t\t\t\t\t<p class=\"elementor-price-list-description\">\n\t\t\t\t\t\t\tEl procediment consisteix en la col\u00b7locaci\u00f3 de fils fins sota la pell, que actuen com un suport per aixecar i tensar les \u00e0rees desitjades, com els p\u00f2muls, el coll o la l\u00ednia de la mand\u00edbula. Els fils estan fets de materials biocompatibles que, a m\u00e9s d&#039;oferir un efecte l\u00edfting, estimulen la producci\u00f3 de col\u00b7lagen, cosa que millora l&#039;elasticitat i qualitat de la pell amb el temps.\t\t\t\t\t\t<\/p>\n\t\t\t\t\t\t\t\t<\/div>\n\t\t\t\t<\/a><\/li>\t\t\t\t\t\n\t\t<\/ul>\n\n\t\t\t\t\t\t<\/div>\n\t\t\t\t<\/div>\n\t\t\t\t<\/div>\n\t\t<div class=\"elementor-element elementor-element-6ab057c e-con-full e-flex e-con e-child\" data-id=\"6ab057c\" data-element_type=\"container\" data-settings=\"{&quot;background_background&quot;:&quot;classic&quot;}\">\n\t\t\t\t<div class=\"elementor-element elementor-element-5fc30f5 elementor-widget elementor-widget-price-list\" data-id=\"5fc30f5\" data-element_type=\"widget\" data-widget_type=\"price-list.default\">\n\t\t\t\t<div class=\"elementor-widget-container\">\n\t\t\t\t\t\n\t\t<ul class=\"elementor-price-list\">\n\n\t\t\t\t\t\t\t\t\t<li><a class=\"elementor-price-list-item\" href=\"#\">\t\t\t\t\n\t\t\t\t<div class=\"elementor-price-list-text\">\n\t\t\t\t\t\t\t\t\t\t\t\t\t\t\t<p class=\"elementor-price-list-description\">\n\t\t\t\t\t\t\tEls resultats s\u00f3n visibles immediatament i milloren progressivament les setmanes seg\u00fcents, amb una durada de fins a 12 a 18 mesos. Recupera la joventut i la fermesa del teu rostre sense complicacions, amb fils tensors que et permeten lluir un aspecte renovat i natural.\t\t\t\t\t\t<\/p>\n\t\t\t\t\t\t\t\t<\/div>\n\t\t\t\t<\/a><\/li>\t\t\t\t\t\n\t\t<\/ul>\n\n\t\t\t\t\t\t<\/div>\n\t\t\t\t<\/div>\n\t\t\t\t<\/div>\n\t\t\t\t<\/div>\n\t\t\t\t\t<\/div>\n\t\t\t\t<\/div>\n\t\t<div class=\"elementor-element elementor-element-c7417f4 e-flex e-con-boxed e-con e-parent\" data-id=\"c7417f4\" data-element_type=\"container\" data-settings=\"{&quot;background_background&quot;:&quot;classic&quot;}\">\n\t\t\t\t\t<div class=\"e-con-inner\">\n\t\t<div class=\"elementor-element elementor-element-b7c1c01 e-con-full e-flex e-con e-child\" data-id=\"b7c1c01\" data-element_type=\"container\" data-settings=\"{&quot;motion_fx_motion_fx_scrolling&quot;:&quot;yes&quot;,&quot;sticky&quot;:&quot;top&quot;,&quot;sticky_offset&quot;:170,&quot;sticky_parent&quot;:&quot;yes&quot;,&quot;sticky_on&quot;:[&quot;desktop&quot;],&quot;motion_fx_devices&quot;:[&quot;desktop&quot;,&quot;tablet&quot;,&quot;mobile&quot;],&quot;sticky_effects_offset&quot;:0}\">\n\t\t<div class=\"elementor-element elementor-element-fdce88f e-con-full e-flex e-con e-child\" data-id=\"fdce88f\" data-element_type=\"container\" data-settings=\"{&quot;background_background&quot;:&quot;classic&quot;}\">\n\t\t\t\t<div class=\"elementor-element elementor-element-9df2d7a elementor-widget elementor-widget-heading\" data-id=\"9df2d7a\" data-element_type=\"widget\" data-widget_type=\"heading.default\">\n\t\t\t\t<div class=\"elementor-widget-container\">\n\t\t\t\t\t<h2 class=\"elementor-heading-title elementor-size-default\">Augment de llavis<\/h2>\t\t\t\t<\/div>\n\t\t\t\t<\/div>\n\t\t\t\t<\/div>\n\t\t\t\t<div class=\"elementor-element elementor-element-c6d1254 elementor-invisible elementor-widget elementor-widget-text-editor\" data-id=\"c6d1254\" data-element_type=\"widget\" data-settings=\"{&quot;_animation&quot;:&quot;fadeIn&quot;}\" data-widget_type=\"text-editor.default\">\n\t\t\t\t<div class=\"elementor-widget-container\">\n\t\t\t\t\t\t\t\t\t<p>L&#039;augment de llavis amb \u00e0cid hialur\u00f2nic proporciona volum, definici\u00f3 i una aparen\u00e7a natural, real\u00e7ant la bellesa del teu somriure. A ANHERMED, els nostres especialistes dissenyen cada tractament a mida per aconseguir uns llavis hidratats i harmoniosos que s&#039;adapten al teu rostre.<\/p>\t\t\t\t\t\t\t\t<\/div>\n\t\t\t\t<\/div>\n\t\t\t\t<\/div>\n\t\t<div class=\"elementor-element elementor-element-87cbd79 e-con-full e-flex e-con e-child\" data-id=\"87cbd79\" data-element_type=\"container\" data-settings=\"{&quot;motion_fx_motion_fx_scrolling&quot;:&quot;yes&quot;,&quot;sticky&quot;:&quot;top&quot;,&quot;sticky_offset&quot;:170,&quot;sticky_parent&quot;:&quot;yes&quot;,&quot;sticky_on&quot;:[&quot;desktop&quot;],&quot;motion_fx_devices&quot;:[&quot;desktop&quot;,&quot;tablet&quot;,&quot;mobile&quot;],&quot;sticky_effects_offset&quot;:0}\">\n\t\t<div class=\"elementor-element elementor-element-f709836 e-con-full e-flex e-con e-child\" data-id=\"f709836\" data-element_type=\"container\" data-settings=\"{&quot;background_background&quot;:&quot;classic&quot;}\">\n\t\t\t\t<div class=\"elementor-element elementor-element-6a38be3 elementor-widget elementor-widget-price-list\" data-id=\"6a38be3\" data-element_type=\"widget\" data-widget_type=\"price-list.default\">\n\t\t\t\t<div class=\"elementor-widget-container\">\n\t\t\t\t\t\n\t\t<ul class=\"elementor-price-list\">\n\n\t\t\t\t\t\t\t\t\t<li><a class=\"elementor-price-list-item\" href=\"#\">\t\t\t\t\n\t\t\t\t<div class=\"elementor-price-list-text\">\n\t\t\t\t\t\t\t\t\t<div class=\"elementor-price-list-header\">\n\t\t\t\t\t\t\t\t\t\t\t<span class=\"elementor-price-list-title\">\n\t\t\t\t\t\t\tVolum i Definici\u00f3 per a un Somriure Perfecte\t\t\t\t\t\t<\/span>\n\t\t\t\t\t\t\t\t\t\t\t\t\t\t\t\t\t\t\t\t\t<\/div>\n\t\t\t\t\t\t\t\t\t\t\t\t\t\t\t<p class=\"elementor-price-list-description\">\n\t\t\t\t\t\t\tL&#039;augment de llavis \u00e9s un tractament est\u00e8tic dissenyat per real\u00e7ar i definir el contorn dels llavis, donant-los m\u00e9s volum i simetria. Ja sigui que cerquis llavis m\u00e9s plens o simplement una millor definici\u00f3, aquest procediment pot ajudar-te a aconseguir una aparen\u00e7a fresca i juvenil, mantenint sempre un aspecte natural.\t\t\t\t\t\t<\/p>\n\t\t\t\t\t\t\t\t<\/div>\n\t\t\t\t<\/a><\/li>\t\t\t\t\t\n\t\t<\/ul>\n\n\t\t\t\t\t\t<\/div>\n\t\t\t\t<\/div>\n\t\t\t\t<\/div>\n\t\t<div class=\"elementor-element elementor-element-2fb90b6 e-con-full e-flex e-con e-child\" data-id=\"2fb90b6\" data-element_type=\"container\" data-settings=\"{&quot;background_background&quot;:&quot;classic&quot;}\">\n\t\t\t\t<div class=\"elementor-element elementor-element-52c3ba2 elementor-widget elementor-widget-price-list\" data-id=\"52c3ba2\" data-element_type=\"widget\" data-widget_type=\"price-list.default\">\n\t\t\t\t<div class=\"elementor-widget-container\">\n\t\t\t\t\t\n\t\t<ul class=\"elementor-price-list\">\n\n\t\t\t\t\t\t\t\t\t<li><a class=\"elementor-price-list-item\" href=\"#\">\t\t\t\t\n\t\t\t\t<div class=\"elementor-price-list-text\">\n\t\t\t\t\t\t\t\t\t\t\t\t\t\t\t<p class=\"elementor-price-list-description\">\n\t\t\t\t\t\t\tAmb t\u00e8cniques modernes i segures, es fa servir principalment \u00e0cid hialur\u00f2nic, una subst\u00e0ncia natural que hidrata i d\u00f3na estructura als llavis, permetent ajustar el volum de manera precisa segons les prefer\u00e8ncies de cada persona. El resultat \u00e9s immediat i els llavis llueixen m\u00e9s suaus, definits i amb un atractiu extra, sense perdre&#039;n l&#039;expressi\u00f3 natural.\t\t\t\t\t\t<\/p>\n\t\t\t\t\t\t\t\t<\/div>\n\t\t\t\t<\/a><\/li>\t\t\t\t\t\n\t\t<\/ul>\n\n\t\t\t\t\t\t<\/div>\n\t\t\t\t<\/div>\n\t\t\t\t<\/div>\n\t\t<div class=\"elementor-element elementor-element-e69d953 e-con-full e-flex e-con e-child\" data-id=\"e69d953\" data-element_type=\"container\" data-settings=\"{&quot;background_background&quot;:&quot;classic&quot;}\">\n\t\t\t\t<div class=\"elementor-element elementor-element-2a4c733 elementor-widget elementor-widget-price-list\" data-id=\"2a4c733\" data-element_type=\"widget\" data-widget_type=\"price-list.default\">\n\t\t\t\t<div class=\"elementor-widget-container\">\n\t\t\t\t\t\n\t\t<ul class=\"elementor-price-list\">\n\n\t\t\t\t\t\t\t\t\t<li><a class=\"elementor-price-list-item\" href=\"#\">\t\t\t\t\n\t\t\t\t<div class=\"elementor-price-list-text\">\n\t\t\t\t\t\t\t\t\t\t\t\t\t\t\t<p class=\"elementor-price-list-description\">\n\t\t\t\t\t\t\tAquest tractament \u00e9s ideal per als que desitgen corregir la p\u00e8rdua de volum amb el pas del temps o simplement millorar-ne la forma i proporci\u00f3, brindant un somriure m\u00e9s atractiu i equilibrat.\t\t\t\t\t\t<\/p>\n\t\t\t\t\t\t\t\t<\/div>\n\t\t\t\t<\/a><\/li>\t\t\t\t\t\n\t\t<\/ul>\n\n\t\t\t\t\t\t<\/div>\n\t\t\t\t<\/div>\n\t\t\t\t<\/div>\n\t\t<div class=\"elementor-element elementor-element-8fc2488 e-con-full e-flex e-con e-child\" data-id=\"8fc2488\" data-element_type=\"container\" data-settings=\"{&quot;background_background&quot;:&quot;classic&quot;}\">\n\t\t\t\t<div class=\"elementor-element elementor-element-344d792 elementor-widget elementor-widget-price-list\" data-id=\"344d792\" data-element_type=\"widget\" data-widget_type=\"price-list.default\">\n\t\t\t\t<div class=\"elementor-widget-container\">\n\t\t\t\t\t\n\t\t<ul class=\"elementor-price-list\">\n\n\t\t\t\t\t\t\t\t\t<li><a class=\"elementor-price-list-item\" href=\"#\">\t\t\t\t\n\t\t\t\t<div class=\"elementor-price-list-text\">\n\t\t\t\t\t\t\t\t\t\t\t\t\t\t\t<p class=\"elementor-price-list-description\">\n\t\t\t\t\t\t\tSi vols uns llavis m\u00e9s carnosos i sensuals, l&#039;augment de llavis et permetr\u00e0 sentir-te m\u00e9s segura i real\u00e7ar la teva bellesa de manera subtil i harmoniosa.\t\t\t\t\t\t<\/p>\n\t\t\t\t\t\t\t\t<\/div>\n\t\t\t\t<\/a><\/li>\t\t\t\t\t\n\t\t<\/ul>\n\n\t\t\t\t\t\t<\/div>\n\t\t\t\t<\/div>\n\t\t\t\t<\/div>\n\t\t\t\t<\/div>\n\t\t\t\t\t<\/div>\n\t\t\t\t<\/div>\n\t\t<div class=\"elementor-element elementor-element-b513630 e-flex e-con-boxed e-con e-parent\" data-id=\"b513630\" data-element_type=\"container\" data-settings=\"{&quot;background_background&quot;:&quot;classic&quot;}\">\n\t\t\t\t\t<div class=\"e-con-inner\">\n\t\t<div class=\"elementor-element elementor-element-d7fe64c e-con-full e-flex e-con e-child\" data-id=\"d7fe64c\" data-element_type=\"container\" data-settings=\"{&quot;motion_fx_motion_fx_scrolling&quot;:&quot;yes&quot;,&quot;sticky&quot;:&quot;top&quot;,&quot;sticky_offset&quot;:170,&quot;sticky_parent&quot;:&quot;yes&quot;,&quot;sticky_on&quot;:[&quot;desktop&quot;],&quot;motion_fx_devices&quot;:[&quot;desktop&quot;,&quot;tablet&quot;,&quot;mobile&quot;],&quot;sticky_effects_offset&quot;:0}\">\n\t\t<div class=\"elementor-element elementor-element-817747c e-con-full e-flex e-con e-child\" data-id=\"817747c\" data-element_type=\"container\" data-settings=\"{&quot;background_background&quot;:&quot;classic&quot;}\">\n\t\t\t\t<div class=\"elementor-element elementor-element-e595036 elementor-widget elementor-widget-heading\" data-id=\"e595036\" data-element_type=\"widget\" data-widget_type=\"heading.default\">\n\t\t\t\t<div class=\"elementor-widget-container\">\n\t\t\t\t\t<h2 class=\"elementor-heading-title elementor-size-default\">Farciment p\u00f2muls<\/h2>\t\t\t\t<\/div>\n\t\t\t\t<\/div>\n\t\t\t\t<\/div>\n\t\t\t\t<div class=\"elementor-element elementor-element-29b6969 elementor-invisible elementor-widget elementor-widget-text-editor\" data-id=\"29b6969\" data-element_type=\"widget\" data-settings=\"{&quot;_animation&quot;:&quot;fadeIn&quot;}\" data-widget_type=\"text-editor.default\">\n\t\t\t\t<div class=\"elementor-widget-container\">\n\t\t\t\t\t\t\t\t\t<p>El farciment de p\u00f2muls amb \u00e0cid hialur\u00f2nic \u00e9s perfecte per real\u00e7ar el contorn facial, millorar la simetria i tornar el volum perdut amb el pas del temps. A ANHERMED, personalitzem cada tractament per aconseguir uns p\u00f2muls definits i un aspecte rejovenit de forma natural.<\/p>\t\t\t\t\t\t\t\t<\/div>\n\t\t\t\t<\/div>\n\t\t\t\t<\/div>\n\t\t<div class=\"elementor-element elementor-element-0a0c338 e-con-full e-flex e-con e-child\" data-id=\"0a0c338\" data-element_type=\"container\">\n\t\t<div class=\"elementor-element elementor-element-565d60e e-con-full e-flex e-con e-child\" data-id=\"565d60e\" data-element_type=\"container\" data-settings=\"{&quot;background_background&quot;:&quot;classic&quot;}\">\n\t\t\t\t<div class=\"elementor-element elementor-element-8c5793a elementor-widget elementor-widget-price-list\" data-id=\"8c5793a\" data-element_type=\"widget\" data-widget_type=\"price-list.default\">\n\t\t\t\t<div class=\"elementor-widget-container\">\n\t\t\t\t\t\n\t\t<ul class=\"elementor-price-list\">\n\n\t\t\t\t\t\t\t\t\t<li><a class=\"elementor-price-list-item\" href=\"#\">\t\t\t\t\n\t\t\t\t<div class=\"elementor-price-list-text\">\n\t\t\t\t\t\t\t\t\t<div class=\"elementor-price-list-header\">\n\t\t\t\t\t\t\t\t\t\t\t<span class=\"elementor-price-list-title\">\n\t\t\t\t\t\t\tReal\u00e7a la Bellesa Natural del teu Rostre\t\t\t\t\t\t<\/span>\n\t\t\t\t\t\t\t\t\t\t\t\t\t\t\t\t\t\t\t\t\t<\/div>\n\t\t\t\t\t\t\t\t\t\t\t\t\t\t\t<p class=\"elementor-price-list-description\">\n\t\t\t\t\t\t\tEl farciment de p\u00f2muls \u00e9s un tractament est\u00e8tic dissenyat per restaurar o augmentar el volum daquesta zona clau del rostre. Amb el pas del temps, la p\u00e8rdua de fermesa i volum pot fer que el rostre llueixi cansat o menys definit. Aquest procediment et permet tornar-li joventut i simetria a la teva cara, accentuant els teus trets naturals de manera subtil i efectiva\t\t\t\t\t\t<\/p>\n\t\t\t\t\t\t\t\t<\/div>\n\t\t\t\t<\/a><\/li>\t\t\t\t\t\n\t\t<\/ul>\n\n\t\t\t\t\t\t<\/div>\n\t\t\t\t<\/div>\n\t\t\t\t<\/div>\n\t\t<div class=\"elementor-element elementor-element-09f88da e-con-full e-flex e-con e-child\" data-id=\"09f88da\" data-element_type=\"container\" data-settings=\"{&quot;background_background&quot;:&quot;classic&quot;}\">\n\t\t\t\t<div class=\"elementor-element elementor-element-e99f84d elementor-widget elementor-widget-price-list\" data-id=\"e99f84d\" data-element_type=\"widget\" data-widget_type=\"price-list.default\">\n\t\t\t\t<div class=\"elementor-widget-container\">\n\t\t\t\t\t\n\t\t<ul class=\"elementor-price-list\">\n\n\t\t\t\t\t\t\t\t\t<li><a class=\"elementor-price-list-item\" href=\"#\">\t\t\t\t\n\t\t\t\t<div class=\"elementor-price-list-text\">\n\t\t\t\t\t\t\t\t\t\t\t\t\t\t\t<p class=\"elementor-price-list-description\">\n\t\t\t\t\t\t\tUtilitzant \u00e0cid hialur\u00f2nic, un component segur i biocompatible, es pot millorar la projecci\u00f3 dels p\u00f2muls, real\u00e7ant-ne el contorn i creant un efecte l\u00edfting sense cirurgia. El resultat \u00e9s un rostre m\u00e9s esculpit, amb p\u00f2muls definits i una aparen\u00e7a renovada, sense perdre la naturalitat.\t\t\t\t\t\t<\/p>\n\t\t\t\t\t\t\t\t<\/div>\n\t\t\t\t<\/a><\/li>\t\t\t\t\t\n\t\t<\/ul>\n\n\t\t\t\t\t\t<\/div>\n\t\t\t\t<\/div>\n\t\t\t\t<\/div>\n\t\t<div class=\"elementor-element elementor-element-3d05dfb e-con-full e-flex e-con e-child\" data-id=\"3d05dfb\" data-element_type=\"container\" data-settings=\"{&quot;background_background&quot;:&quot;classic&quot;}\">\n\t\t\t\t<div class=\"elementor-element elementor-element-c38a7c2 elementor-widget elementor-widget-price-list\" data-id=\"c38a7c2\" data-element_type=\"widget\" data-widget_type=\"price-list.default\">\n\t\t\t\t<div class=\"elementor-widget-container\">\n\t\t\t\t\t\n\t\t<ul class=\"elementor-price-list\">\n\n\t\t\t\t\t\t\t\t\t<li><a class=\"elementor-price-list-item\" href=\"#\">\t\t\t\t\n\t\t\t\t<div class=\"elementor-price-list-text\">\n\t\t\t\t\t\t\t\t\t\t\t\t\t\t\t<p class=\"elementor-price-list-description\">\n\t\t\t\t\t\t\tAquest tractament no sols aporta volum, sin\u00f3 que tamb\u00e9 millora l&#039;harmonia de la cara, fent que llueixi m\u00e9s equilibrat i estilitzat. A m\u00e9s, els efectes s\u00f3n immediats i poden durar diversos mesos, permetent gaudir d&#039;un rostre rejovenit sense llargs temps de recuperaci\u00f3.\t\t\t\t\t\t<\/p>\n\t\t\t\t\t\t\t\t<\/div>\n\t\t\t\t<\/a><\/li>\t\t\t\t\t\n\t\t<\/ul>\n\n\t\t\t\t\t\t<\/div>\n\t\t\t\t<\/div>\n\t\t\t\t<\/div>\n\t\t<div class=\"elementor-element elementor-element-d19d405 e-con-full e-flex e-con e-child\" data-id=\"d19d405\" data-element_type=\"container\" data-settings=\"{&quot;background_background&quot;:&quot;classic&quot;}\">\n\t\t\t\t<div class=\"elementor-element elementor-element-968b1f0 elementor-widget elementor-widget-price-list\" data-id=\"968b1f0\" data-element_type=\"widget\" data-widget_type=\"price-list.default\">\n\t\t\t\t<div class=\"elementor-widget-container\">\n\t\t\t\t\t\n\t\t<ul class=\"elementor-price-list\">\n\n\t\t\t\t\t\t\t\t\t<li><a class=\"elementor-price-list-item\" href=\"#\">\t\t\t\t\n\t\t\t\t<div class=\"elementor-price-list-text\">\n\t\t\t\t\t\t\t\t\t\t\t\t\t\t\t<p class=\"elementor-price-list-description\">\n\t\t\t\t\t\t\tSi busques revitalitzar la teva aparen\u00e7a de manera subtil, el farciment de p\u00f2muls \u00e9s l&#039;opci\u00f3 perfecta per ressaltar la bellesa natural del rostre\t\t\t\t\t\t<\/p>\n\t\t\t\t\t\t\t\t<\/div>\n\t\t\t\t<\/a><\/li>\t\t\t\t\t\n\t\t<\/ul>\n\n\t\t\t\t\t\t<\/div>\n\t\t\t\t<\/div>\n\t\t\t\t<\/div>\n\t\t\t\t<\/div>\n\t\t\t\t\t<\/div>\n\t\t\t\t<\/div>\n\t\t<div class=\"elementor-element elementor-element-0861de9 e-flex e-con-boxed e-con e-parent\" data-id=\"0861de9\" data-element_type=\"container\" data-settings=\"{&quot;background_background&quot;:&quot;classic&quot;}\">\n\t\t\t\t\t<div class=\"e-con-inner\">\n\t\t<div class=\"elementor-element elementor-element-79a1114 e-con-full e-flex e-con e-child\" data-id=\"79a1114\" data-element_type=\"container\" data-settings=\"{&quot;motion_fx_motion_fx_scrolling&quot;:&quot;yes&quot;,&quot;sticky&quot;:&quot;top&quot;,&quot;sticky_offset&quot;:170,&quot;sticky_parent&quot;:&quot;yes&quot;,&quot;sticky_on&quot;:[&quot;desktop&quot;],&quot;motion_fx_devices&quot;:[&quot;desktop&quot;,&quot;tablet&quot;,&quot;mobile&quot;],&quot;sticky_effects_offset&quot;:0}\">\n\t\t<div class=\"elementor-element elementor-element-fe052ff e-con-full e-flex e-con e-child\" data-id=\"fe052ff\" data-element_type=\"container\" data-settings=\"{&quot;background_background&quot;:&quot;classic&quot;}\">\n\t\t\t\t<div class=\"elementor-element elementor-element-3d61857 elementor-widget elementor-widget-heading\" data-id=\"3d61857\" data-element_type=\"widget\" data-widget_type=\"heading.default\">\n\t\t\t\t<div class=\"elementor-widget-container\">\n\t\t\t\t\t<h2 class=\"elementor-heading-title elementor-size-default\">Tractament per al bruxisme<\/h2>\t\t\t\t<\/div>\n\t\t\t\t<\/div>\n\t\t\t\t<\/div>\n\t\t\t\t<div class=\"elementor-element elementor-element-e5158c4 elementor-invisible elementor-widget elementor-widget-text-editor\" data-id=\"e5158c4\" data-element_type=\"widget\" data-settings=\"{&quot;_animation&quot;:&quot;fadeIn&quot;}\" data-widget_type=\"text-editor.default\">\n\t\t\t\t<div class=\"elementor-widget-container\">\n\t\t\t\t\t\t\t\t\t<p>El tractament per al bruxisme amb neuromoduladors alleuja la tensi\u00f3 muscular, redueix el grinyolament de les dents i millora la qualitat de vida. A ANHERMED, els nostres especialistes apliquen t\u00e8cniques segures i efectives per relaxar la musculatura mandibular i protegir la teva salut dental.<\/p>\t\t\t\t\t\t\t\t<\/div>\n\t\t\t\t<\/div>\n\t\t\t\t<\/div>\n\t\t<div class=\"elementor-element elementor-element-db09410 e-con-full e-flex e-con e-child\" data-id=\"db09410\" data-element_type=\"container\" data-settings=\"{&quot;motion_fx_motion_fx_scrolling&quot;:&quot;yes&quot;,&quot;sticky&quot;:&quot;top&quot;,&quot;sticky_offset&quot;:170,&quot;sticky_parent&quot;:&quot;yes&quot;,&quot;sticky_on&quot;:[&quot;desktop&quot;],&quot;motion_fx_devices&quot;:[&quot;desktop&quot;,&quot;tablet&quot;,&quot;mobile&quot;],&quot;sticky_effects_offset&quot;:0}\">\n\t\t<div class=\"elementor-element elementor-element-4a78b73 e-con-full e-flex e-con e-child\" data-id=\"4a78b73\" data-element_type=\"container\" data-settings=\"{&quot;background_background&quot;:&quot;classic&quot;}\">\n\t\t\t\t<div class=\"elementor-element elementor-element-bb2af05 elementor-widget elementor-widget-price-list\" data-id=\"bb2af05\" data-element_type=\"widget\" data-widget_type=\"price-list.default\">\n\t\t\t\t<div class=\"elementor-widget-container\">\n\t\t\t\t\t\n\t\t<ul class=\"elementor-price-list\">\n\n\t\t\t\t\t\t\t\t\t<li><a class=\"elementor-price-list-item\" href=\"#\">\t\t\t\t\n\t\t\t\t<div class=\"elementor-price-list-text\">\n\t\t\t\t\t\t\t\t\t<div class=\"elementor-price-list-header\">\n\t\t\t\t\t\t\t\t\t\t\t<span class=\"elementor-price-list-title\">\n\t\t\t\t\t\t\tRelaxa la teva Mand\u00edbula i millora el teu benestar\t\t\t\t\t\t<\/span>\n\t\t\t\t\t\t\t\t\t\t\t\t\t\t\t\t\t\t\t\t\t<\/div>\n\t\t\t\t\t\t\t\t\t\t\t\t\t\t\t<p class=\"elementor-price-list-description\">\n\t\t\t\t\t\t\tEl bruxisme \u00e9s una condici\u00f3 que es caracteritza per pr\u00e9mer o grinyolar les dents, especialment durant la nit, cosa que pot causar mals de cap, tensi\u00f3 a la mand\u00edbula i desgast dental. A m\u00e9s, aquesta tensi\u00f3 cont\u00ednua als m\u00fasculs facials pot afectar l&#039;est\u00e8tica del rostre, fent que la mand\u00edbula es vegi m\u00e9s ampla o quadrada del que \u00e9s habitual.\t\t\t\t\t\t<\/p>\n\t\t\t\t\t\t\t\t<\/div>\n\t\t\t\t<\/a><\/li>\t\t\t\t\t\n\t\t<\/ul>\n\n\t\t\t\t\t\t<\/div>\n\t\t\t\t<\/div>\n\t\t\t\t<\/div>\n\t\t<div class=\"elementor-element elementor-element-d8f2d65 e-con-full e-flex e-con e-child\" data-id=\"d8f2d65\" data-element_type=\"container\" data-settings=\"{&quot;background_background&quot;:&quot;classic&quot;}\">\n\t\t\t\t<div class=\"elementor-element elementor-element-ebd39d1 elementor-widget elementor-widget-price-list\" data-id=\"ebd39d1\" data-element_type=\"widget\" data-widget_type=\"price-list.default\">\n\t\t\t\t<div class=\"elementor-widget-container\">\n\t\t\t\t\t\n\t\t<ul class=\"elementor-price-list\">\n\n\t\t\t\t\t\t\t\t\t<li><a class=\"elementor-price-list-item\" href=\"#\">\t\t\t\t\n\t\t\t\t<div class=\"elementor-price-list-text\">\n\t\t\t\t\t\t\t\t\t\t\t\t\t\t\t<p class=\"elementor-price-list-description\">\n\t\t\t\t\t\t\tEl tractament per al bruxisme consisteix a relaxar els m\u00fasculs de la mand\u00edbula mitjan\u00e7ant t\u00e8cniques avan\u00e7ades i no invasives, que ajuden a alleujar la tensi\u00f3 acumulada i prevenir el dany dental. Aquest enfocament no nom\u00e9s millora el teu benestar general en reduir els dolors i les mol\u00e8sties, sin\u00f3 que tamb\u00e9 t\u00e9 un impacte positiu en l&#039;est\u00e8tica facial, suavitzant els contorns de la mand\u00edbula i tornant una aparen\u00e7a m\u00e9s relaxada i equilibrada.\t\t\t\t\t\t<\/p>\n\t\t\t\t\t\t\t\t<\/div>\n\t\t\t\t<\/a><\/li>\t\t\t\t\t\n\t\t<\/ul>\n\n\t\t\t\t\t\t<\/div>\n\t\t\t\t<\/div>\n\t\t\t\t<\/div>\n\t\t<div class=\"elementor-element elementor-element-0825f87 e-con-full e-flex e-con e-child\" data-id=\"0825f87\" data-element_type=\"container\" data-settings=\"{&quot;background_background&quot;:&quot;classic&quot;}\">\n\t\t\t\t<div class=\"elementor-element elementor-element-e1dcac0 elementor-widget elementor-widget-price-list\" data-id=\"e1dcac0\" data-element_type=\"widget\" data-widget_type=\"price-list.default\">\n\t\t\t\t<div class=\"elementor-widget-container\">\n\t\t\t\t\t\n\t\t<ul class=\"elementor-price-list\">\n\n\t\t\t\t\t\t\t\t\t<li><a class=\"elementor-price-list-item\" href=\"#\">\t\t\t\t\n\t\t\t\t<div class=\"elementor-price-list-text\">\n\t\t\t\t\t\t\t\t\t\t\t\t\t\t\t<p class=\"elementor-price-list-description\">\n\t\t\t\t\t\t\tEn millorar la qualitat de vida i restaurar l&#039;equilibri facial, el tractament del bruxisme us permet gaudir d&#039;un rostre m\u00e9s relaxat i un somriure m\u00e9s saludable. Si sents tensi\u00f3 a la mand\u00edbula o rechinas les dents amb freq\u00fc\u00e8ncia, aquest tractament pot ajudar-te a recuperar el benestar i l&#039;harmonia a la cara.\t\t\t\t\t\t<\/p>\n\t\t\t\t\t\t\t\t<\/div>\n\t\t\t\t<\/a><\/li>\t\t\t\t\t\n\t\t<\/ul>\n\n\t\t\t\t\t\t<\/div>\n\t\t\t\t<\/div>\n\t\t\t\t<\/div>\n\t\t\t\t<\/div>\n\t\t\t\t\t<\/div>\n\t\t\t\t<\/div>\n\t\t<div class=\"elementor-element elementor-element-46ebf26 e-flex e-con-boxed e-con e-parent\" data-id=\"46ebf26\" data-element_type=\"container\" data-settings=\"{&quot;background_background&quot;:&quot;classic&quot;}\">\n\t\t\t\t\t<div class=\"e-con-inner\">\n\t\t<div class=\"elementor-element elementor-element-c8ff916 e-con-full e-flex e-con e-child\" data-id=\"c8ff916\" data-element_type=\"container\" data-settings=\"{&quot;motion_fx_motion_fx_scrolling&quot;:&quot;yes&quot;,&quot;sticky&quot;:&quot;top&quot;,&quot;sticky_offset&quot;:170,&quot;sticky_parent&quot;:&quot;yes&quot;,&quot;sticky_on&quot;:[&quot;desktop&quot;],&quot;motion_fx_devices&quot;:[&quot;desktop&quot;,&quot;tablet&quot;,&quot;mobile&quot;],&quot;sticky_effects_offset&quot;:0}\">\n\t\t<div class=\"elementor-element elementor-element-6020add e-con-full e-flex e-con e-child\" data-id=\"6020add\" data-element_type=\"container\" data-settings=\"{&quot;background_background&quot;:&quot;classic&quot;}\">\n\t\t\t\t<div class=\"elementor-element elementor-element-9be73e6 elementor-widget elementor-widget-heading\" data-id=\"9be73e6\" data-element_type=\"widget\" data-widget_type=\"heading.default\">\n\t\t\t\t<div class=\"elementor-widget-container\">\n\t\t\t\t\t<h2 class=\"elementor-heading-title elementor-size-default\">Tractament amb Vitamines<\/h2>\t\t\t\t<\/div>\n\t\t\t\t<\/div>\n\t\t\t\t<\/div>\n\t\t\t\t<div class=\"elementor-element elementor-element-64c8893 elementor-invisible elementor-widget elementor-widget-text-editor\" data-id=\"64c8893\" data-element_type=\"widget\" data-settings=\"{&quot;_animation&quot;:&quot;fadeIn&quot;}\" data-widget_type=\"text-editor.default\">\n\t\t\t\t<div class=\"elementor-widget-container\">\n\t\t\t\t\t\t\t\t\t<p>El tractament amb vitamines revitalitza la pell des de linterior, aportant lluminositat, hidrataci\u00f3 i un aspecte rejovenit. A ANHERMED, utilitzem c\u00f2ctels vitam\u00ednics personalitzats per nodrir la teva pell i millorar-ne la textura, aconseguint resultats visibles i duradors.<\/p>\t\t\t\t\t\t\t\t<\/div>\n\t\t\t\t<\/div>\n\t\t\t\t<\/div>\n\t\t<div class=\"elementor-element elementor-element-23309db e-con-full e-flex e-con e-child\" data-id=\"23309db\" data-element_type=\"container\">\n\t\t<div class=\"elementor-element elementor-element-6c38ca5 e-con-full e-flex e-con e-child\" data-id=\"6c38ca5\" data-element_type=\"container\" data-settings=\"{&quot;background_background&quot;:&quot;classic&quot;}\">\n\t\t\t\t<div class=\"elementor-element elementor-element-e6e7dd5 elementor-widget elementor-widget-price-list\" data-id=\"e6e7dd5\" data-element_type=\"widget\" data-widget_type=\"price-list.default\">\n\t\t\t\t<div class=\"elementor-widget-container\">\n\t\t\t\t\t\n\t\t<ul class=\"elementor-price-list\">\n\n\t\t\t\t\t\t\t\t\t<li><a class=\"elementor-price-list-item\" href=\"#\">\t\t\t\t\n\t\t\t\t<div class=\"elementor-price-list-text\">\n\t\t\t\t\t\t\t\t\t<div class=\"elementor-price-list-header\">\n\t\t\t\t\t\t\t\t\t\t\t<span class=\"elementor-price-list-title\">\n\t\t\t\t\t\t\tNutrici\u00f3 Profunda per a una Pell Radiant\t\t\t\t\t\t<\/span>\n\t\t\t\t\t\t\t\t\t\t\t\t\t\t\t\t\t\t\t\t\t<\/div>\n\t\t\t\t\t\t\t\t\t\t\t\t\t\t\t<p class=\"elementor-price-list-description\">\n\t\t\t\t\t\t\t El tractament amb vitamines \u00e9s una soluci\u00f3 perfecta per als que volen revitalitzar la pell des de l&#039;interior, aportant lluminositat, hidrataci\u00f3 i frescor. Al llarg del temps, la pell pot perdre vitalitat per factors com l&#039;estr\u00e8s, la contaminaci\u00f3 o l&#039;envelliment natural. Les vitamines proporcionen els nutrients necessaris per tornar a la teva pell un aspecte saludable i rejovenit.\t\t\t\t\t\t<\/p>\n\t\t\t\t\t\t\t\t<\/div>\n\t\t\t\t<\/a><\/li>\t\t\t\t\t\n\t\t<\/ul>\n\n\t\t\t\t\t\t<\/div>\n\t\t\t\t<\/div>\n\t\t\t\t<\/div>\n\t\t<div class=\"elementor-element elementor-element-3c1a6d6 e-con-full e-flex e-con e-child\" data-id=\"3c1a6d6\" data-element_type=\"container\" data-settings=\"{&quot;background_background&quot;:&quot;classic&quot;}\">\n\t\t\t\t<div class=\"elementor-element elementor-element-5211d11 elementor-widget elementor-widget-price-list\" data-id=\"5211d11\" data-element_type=\"widget\" data-widget_type=\"price-list.default\">\n\t\t\t\t<div class=\"elementor-widget-container\">\n\t\t\t\t\t\n\t\t<ul class=\"elementor-price-list\">\n\n\t\t\t\t\t\t\t\t\t<li><a class=\"elementor-price-list-item\" href=\"#\">\t\t\t\t\n\t\t\t\t<div class=\"elementor-price-list-text\">\n\t\t\t\t\t\t\t\t\t\t\t\t\t\t\t<p class=\"elementor-price-list-description\">\n\t\t\t\t\t\t\tAquest tractament consisteix en aplicar un c\u00f2ctel de vitamines, minerals i antioxidants que penetren profundament a la pell, ajudant a estimular la producci\u00f3 de col\u00b7lagen, millorar l&#039;elasticitat i reduir els signes de l&#039;envelliment. Els resultats s\u00f3n visibles des de les primeres sessions, deixant la pell m\u00e9s hidratada, suau i amb una brillantor natural.\t\t\t\t\t\t<\/p>\n\t\t\t\t\t\t\t\t<\/div>\n\t\t\t\t<\/a><\/li>\t\t\t\t\t\n\t\t<\/ul>\n\n\t\t\t\t\t\t<\/div>\n\t\t\t\t<\/div>\n\t\t\t\t<\/div>\n\t\t<div class=\"elementor-element elementor-element-c4b4809 e-con-full e-flex e-con e-child\" data-id=\"c4b4809\" data-element_type=\"container\" data-settings=\"{&quot;background_background&quot;:&quot;classic&quot;}\">\n\t\t\t\t<div class=\"elementor-element elementor-element-15b9a10 elementor-widget elementor-widget-price-list\" data-id=\"15b9a10\" data-element_type=\"widget\" data-widget_type=\"price-list.default\">\n\t\t\t\t<div class=\"elementor-widget-container\">\n\t\t\t\t\t\n\t\t<ul class=\"elementor-price-list\">\n\n\t\t\t\t\t\t\t\t\t<li><a class=\"elementor-price-list-item\" href=\"#\">\t\t\t\t\n\t\t\t\t<div class=\"elementor-price-list-text\">\n\t\t\t\t\t\t\t\t\t\t\t\t\t\t\t<p class=\"elementor-price-list-description\">\n\t\t\t\t\t\t\t\u00c9s ideal per a persones que busquen un &quot;efecte glow&quot;, reduint l&#039;aparen\u00e7a de l\u00ednies fines, taques i millorant la textura general de la cara. A m\u00e9s, les vitamines s\u00f3n perfectes per preparar la pell abans d&#039;esdeveniments especials o simplement per mantenir-la en el millor estat durant tot l&#039;any.\t\t\t\t\t\t<\/p>\n\t\t\t\t\t\t\t\t<\/div>\n\t\t\t\t<\/a><\/li>\t\t\t\t\t\n\t\t<\/ul>\n\n\t\t\t\t\t\t<\/div>\n\t\t\t\t<\/div>\n\t\t\t\t<\/div>\n\t\t<div class=\"elementor-element elementor-element-09d2e3b e-con-full e-flex e-con e-child\" data-id=\"09d2e3b\" data-element_type=\"container\" data-settings=\"{&quot;background_background&quot;:&quot;classic&quot;}\">\n\t\t\t\t<div class=\"elementor-element elementor-element-ed2adfc elementor-widget elementor-widget-price-list\" data-id=\"ed2adfc\" data-element_type=\"widget\" data-widget_type=\"price-list.default\">\n\t\t\t\t<div class=\"elementor-widget-container\">\n\t\t\t\t\t\n\t\t<ul class=\"elementor-price-list\">\n\n\t\t\t\t\t\t\t\t\t<li><a class=\"elementor-price-list-item\" href=\"#\">\t\t\t\t\n\t\t\t\t<div class=\"elementor-price-list-text\">\n\t\t\t\t\t\t\t\t\t\t\t\t\t\t\t<p class=\"elementor-price-list-description\">\n\t\t\t\t\t\t\tGaudeix d&#039;una pell m\u00e9s jove, saludable i radiant amb el tractament amb vitamines, dissenyat per nodrir des de dins i revelar-ne la millor versi\u00f3.\t\t\t\t\t\t<\/p>\n\t\t\t\t\t\t\t\t<\/div>\n\t\t\t\t<\/a><\/li>\t\t\t\t\t\n\t\t<\/ul>\n\n\t\t\t\t\t\t<\/div>\n\t\t\t\t<\/div>\n\t\t\t\t<\/div>\n\t\t\t\t<\/div>\n\t\t\t\t\t<\/div>\n\t\t\t\t<\/div>\n\t\t\t\t<\/div>","protected":false},"excerpt":{"rendered":"<p>Cura facial avan\u00e7at: Rejoveneix la teva pell amb els nostres tractaments Al nostre centre m\u00e8dic est\u00e8tic comptem amb tractaments facials amb els quals aconseguir\u00e0s lluir una pell perfecta.<\/p>","protected":false},"author":5,"featured_media":0,"parent":0,"menu_order":0,"comment_status":"closed","ping_status":"closed","template":"","meta":{"footnotes":""},"class_list":["post-1637","page","type-page","status-publish","hentry"],"yoast_head":"<!-- This site is optimized with the Yoast SEO plugin v26.8 - https:\/\/yoast.com\/product\/yoast-seo-wordpress\/ -->\n<title>Medicina est\u00e9tica facial - Anhermed<\/title>\n<meta name=\"description\" content=\"Medicina est\u00e9tica facial en Anhermed para rejuvenecer y armonizar tu rostro con tratamientos m\u00e9dicos seguros y personalizados.\" \/>\n<meta name=\"robots\" content=\"index, follow, max-snippet:-1, max-image-preview:large, max-video-preview:-1\" \/>\n<link rel=\"canonical\" href=\"https:\/\/anhermed.es\/cat\/medicina-estetica-facial\/\" \/>\n<meta property=\"og:locale\" content=\"ca_ES\" \/>\n<meta property=\"og:type\" content=\"article\" \/>\n<meta property=\"og:title\" content=\"Medicina est\u00e9tica facial - Anhermed\" \/>\n<meta property=\"og:description\" content=\"Medicina est\u00e9tica facial en Anhermed para rejuvenecer y armonizar tu rostro con tratamientos m\u00e9dicos seguros y personalizados.\" \/>\n<meta property=\"og:url\" content=\"https:\/\/anhermed.es\/cat\/medicina-estetica-facial\/\" \/>\n<meta property=\"og:site_name\" content=\"Anhermed\" \/>\n<meta property=\"article:modified_time\" content=\"2026-01-20T16:32:45+00:00\" \/>\n<meta property=\"og:image\" content=\"https:\/\/anhermed.es\/wp-content\/uploads\/elementor\/thumbs\/2-qu8lo88oo0dnmv0ezqlpfb9usdyx69vnywxxxpbtl4.jpg\" \/>\n<meta name=\"twitter:card\" content=\"summary_large_image\" \/>\n<meta name=\"twitter:label1\" content=\"Temps estimat de lectura\" \/>\n\t<meta name=\"twitter:data1\" content=\"8 minuts\" \/>\n<script type=\"application\/ld+json\" class=\"yoast-schema-graph\">{\"@context\":\"https:\/\/schema.org\",\"@graph\":[{\"@type\":\"WebPage\",\"@id\":\"https:\/\/anhermed.es\/medicina-estetica-facial\/\",\"url\":\"https:\/\/anhermed.es\/medicina-estetica-facial\/\",\"name\":\"Medicina est\u00e9tica facial - Anhermed\",\"isPartOf\":{\"@id\":\"https:\/\/anhermed.es\/#website\"},\"primaryImageOfPage\":{\"@id\":\"https:\/\/anhermed.es\/medicina-estetica-facial\/#primaryimage\"},\"image\":{\"@id\":\"https:\/\/anhermed.es\/medicina-estetica-facial\/#primaryimage\"},\"thumbnailUrl\":\"https:\/\/anhermed.es\/wp-content\/uploads\/elementor\/thumbs\/2-qu8lo88oo0dnmv0ezqlpfb9usdyx69vnywxxxpbtl4.jpg\",\"datePublished\":\"2024-09-04T07:40:36+00:00\",\"dateModified\":\"2026-01-20T16:32:45+00:00\",\"description\":\"Medicina est\u00e9tica facial en Anhermed para rejuvenecer y armonizar tu rostro con tratamientos m\u00e9dicos seguros y personalizados.\",\"breadcrumb\":{\"@id\":\"https:\/\/anhermed.es\/medicina-estetica-facial\/#breadcrumb\"},\"inLanguage\":\"ca\",\"potentialAction\":[{\"@type\":\"ReadAction\",\"target\":[\"https:\/\/anhermed.es\/medicina-estetica-facial\/\"]}]},{\"@type\":\"ImageObject\",\"inLanguage\":\"ca\",\"@id\":\"https:\/\/anhermed.es\/medicina-estetica-facial\/#primaryimage\",\"url\":\"https:\/\/anhermed.es\/wp-content\/uploads\/elementor\/thumbs\/2-qu8lo88oo0dnmv0ezqlpfb9usdyx69vnywxxxpbtl4.jpg\",\"contentUrl\":\"https:\/\/anhermed.es\/wp-content\/uploads\/elementor\/thumbs\/2-qu8lo88oo0dnmv0ezqlpfb9usdyx69vnywxxxpbtl4.jpg\"},{\"@type\":\"BreadcrumbList\",\"@id\":\"https:\/\/anhermed.es\/medicina-estetica-facial\/#breadcrumb\",\"itemListElement\":[{\"@type\":\"ListItem\",\"position\":1,\"name\":\"Portada\",\"item\":\"https:\/\/anhermed.es\/\"},{\"@type\":\"ListItem\",\"position\":2,\"name\":\"Medicina est\u00e9tica facial\"}]},{\"@type\":\"WebSite\",\"@id\":\"https:\/\/anhermed.es\/#website\",\"url\":\"https:\/\/anhermed.es\/\",\"name\":\"Anhermed\",\"description\":\"\",\"publisher\":{\"@id\":\"https:\/\/anhermed.es\/#organization\"},\"potentialAction\":[{\"@type\":\"SearchAction\",\"target\":{\"@type\":\"EntryPoint\",\"urlTemplate\":\"https:\/\/anhermed.es\/?s={search_term_string}\"},\"query-input\":{\"@type\":\"PropertyValueSpecification\",\"valueRequired\":true,\"valueName\":\"search_term_string\"}}],\"inLanguage\":\"ca\"},{\"@type\":\"Organization\",\"@id\":\"https:\/\/anhermed.es\/#organization\",\"name\":\"Anhermed\",\"url\":\"https:\/\/anhermed.es\/\",\"logo\":{\"@type\":\"ImageObject\",\"inLanguage\":\"ca\",\"@id\":\"https:\/\/anhermed.es\/#\/schema\/logo\/image\/\",\"url\":\"https:\/\/anhermed.es\/wp-content\/uploads\/2024\/07\/ANHERMED-1.svg\",\"contentUrl\":\"https:\/\/anhermed.es\/wp-content\/uploads\/2024\/07\/ANHERMED-1.svg\",\"width\":209,\"height\":215,\"caption\":\"Anhermed\"},\"image\":{\"@id\":\"https:\/\/anhermed.es\/#\/schema\/logo\/image\/\"}}]}<\/script>\n<!-- \/ Yoast SEO plugin. -->","yoast_head_json":{"title":"Medicina est\u00e9tica facial - Anhermed","description":"Medicina est\u00e9tica facial en Anhermed para rejuvenecer y armonizar tu rostro con tratamientos m\u00e9dicos seguros y personalizados.","robots":{"index":"index","follow":"follow","max-snippet":"max-snippet:-1","max-image-preview":"max-image-preview:large","max-video-preview":"max-video-preview:-1"},"canonical":"https:\/\/anhermed.es\/cat\/medicina-estetica-facial\/","og_locale":"ca_ES","og_type":"article","og_title":"Medicina est\u00e9tica facial - Anhermed","og_description":"Medicina est\u00e9tica facial en Anhermed para rejuvenecer y armonizar tu rostro con tratamientos m\u00e9dicos seguros y personalizados.","og_url":"https:\/\/anhermed.es\/cat\/medicina-estetica-facial\/","og_site_name":"Anhermed","article_modified_time":"2026-01-20T16:32:45+00:00","og_image":[{"url":"https:\/\/anhermed.es\/wp-content\/uploads\/elementor\/thumbs\/2-qu8lo88oo0dnmv0ezqlpfb9usdyx69vnywxxxpbtl4.jpg","type":"","width":"","height":""}],"twitter_card":"summary_large_image","twitter_misc":{"Temps estimat de lectura":"8 minuts"},"schema":{"@context":"https:\/\/schema.org","@graph":[{"@type":"WebPage","@id":"https:\/\/anhermed.es\/medicina-estetica-facial\/","url":"https:\/\/anhermed.es\/medicina-estetica-facial\/","name":"Medicina est\u00e9tica facial - Anhermed","isPartOf":{"@id":"https:\/\/anhermed.es\/#website"},"primaryImageOfPage":{"@id":"https:\/\/anhermed.es\/medicina-estetica-facial\/#primaryimage"},"image":{"@id":"https:\/\/anhermed.es\/medicina-estetica-facial\/#primaryimage"},"thumbnailUrl":"https:\/\/anhermed.es\/wp-content\/uploads\/elementor\/thumbs\/2-qu8lo88oo0dnmv0ezqlpfb9usdyx69vnywxxxpbtl4.jpg","datePublished":"2024-09-04T07:40:36+00:00","dateModified":"2026-01-20T16:32:45+00:00","description":"Medicina est\u00e9tica facial en Anhermed para rejuvenecer y armonizar tu rostro con tratamientos m\u00e9dicos seguros y personalizados.","breadcrumb":{"@id":"https:\/\/anhermed.es\/medicina-estetica-facial\/#breadcrumb"},"inLanguage":"ca","potentialAction":[{"@type":"ReadAction","target":["https:\/\/anhermed.es\/medicina-estetica-facial\/"]}]},{"@type":"ImageObject","inLanguage":"ca","@id":"https:\/\/anhermed.es\/medicina-estetica-facial\/#primaryimage","url":"https:\/\/anhermed.es\/wp-content\/uploads\/elementor\/thumbs\/2-qu8lo88oo0dnmv0ezqlpfb9usdyx69vnywxxxpbtl4.jpg","contentUrl":"https:\/\/anhermed.es\/wp-content\/uploads\/elementor\/thumbs\/2-qu8lo88oo0dnmv0ezqlpfb9usdyx69vnywxxxpbtl4.jpg"},{"@type":"BreadcrumbList","@id":"https:\/\/anhermed.es\/medicina-estetica-facial\/#breadcrumb","itemListElement":[{"@type":"ListItem","position":1,"name":"Portada","item":"https:\/\/anhermed.es\/"},{"@type":"ListItem","position":2,"name":"Medicina est\u00e9tica facial"}]},{"@type":"WebSite","@id":"https:\/\/anhermed.es\/#website","url":"https:\/\/anhermed.es\/","name":"Anhermed","description":"","publisher":{"@id":"https:\/\/anhermed.es\/#organization"},"potentialAction":[{"@type":"SearchAction","target":{"@type":"EntryPoint","urlTemplate":"https:\/\/anhermed.es\/?s={search_term_string}"},"query-input":{"@type":"PropertyValueSpecification","valueRequired":true,"valueName":"search_term_string"}}],"inLanguage":"ca"},{"@type":"Organization","@id":"https:\/\/anhermed.es\/#organization","name":"Anhermed","url":"https:\/\/anhermed.es\/","logo":{"@type":"ImageObject","inLanguage":"ca","@id":"https:\/\/anhermed.es\/#\/schema\/logo\/image\/","url":"https:\/\/anhermed.es\/wp-content\/uploads\/2024\/07\/ANHERMED-1.svg","contentUrl":"https:\/\/anhermed.es\/wp-content\/uploads\/2024\/07\/ANHERMED-1.svg","width":209,"height":215,"caption":"Anhermed"},"image":{"@id":"https:\/\/anhermed.es\/#\/schema\/logo\/image\/"}}]}},"_links":{"self":[{"href":"https:\/\/anhermed.es\/cat\/wp-json\/wp\/v2\/pages\/1637","targetHints":{"allow":["GET"]}}],"collection":[{"href":"https:\/\/anhermed.es\/cat\/wp-json\/wp\/v2\/pages"}],"about":[{"href":"https:\/\/anhermed.es\/cat\/wp-json\/wp\/v2\/types\/page"}],"author":[{"embeddable":true,"href":"https:\/\/anhermed.es\/cat\/wp-json\/wp\/v2\/users\/5"}],"replies":[{"embeddable":true,"href":"https:\/\/anhermed.es\/cat\/wp-json\/wp\/v2\/comments?post=1637"}],"version-history":[{"count":16,"href":"https:\/\/anhermed.es\/cat\/wp-json\/wp\/v2\/pages\/1637\/revisions"}],"predecessor-version":[{"id":1883,"href":"https:\/\/anhermed.es\/cat\/wp-json\/wp\/v2\/pages\/1637\/revisions\/1883"}],"wp:attachment":[{"href":"https:\/\/anhermed.es\/cat\/wp-json\/wp\/v2\/media?parent=1637"}],"curies":[{"name":"wp","href":"https:\/\/api.w.org\/{rel}","templated":true}]}}